{"id":60,"date":"2021-09-08T14:47:50","date_gmt":"2021-09-08T17:47:50","guid":{"rendered":"https:\/\/cbhbois.meioambiente.go.gov.br\/?page_id=60"},"modified":"2026-01-27T23:35:41","modified_gmt":"2026-01-28T02:35:41","slug":"editais","status":"publish","type":"page","link":"https:\/\/cbhbois.meioambiente.go.gov.br\/?page_id=60","title":{"rendered":"Editais\/Convoca\u00e7\u00f5es"},"content":{"rendered":"\n<div class=\"wp-block-atomic-blocks-ab-accordion ab-block-accordion\"><details><summary class=\"ab-accordion-title\">Editais<\/summary><div class=\"ab-accordion-text\">\n<p><a href=\"https:\/\/cbhbois.meioambiente.go.gov.br\/wp-content\/uploads\/2023\/10\/Edital-CBH-Bois-No-002_2023_Divulgac\u0327a\u0303o-Habilitados-Inabilitados-e-Pendentes.pdf\" data-type=\"link\" data-id=\"https:\/\/cbhbois.meioambiente.go.gov.br\/wp-content\/uploads\/2023\/10\/Edital-CBH-Bois-No-002_2023_Divulgac\u0327a\u0303o-Habilitados-Inabilitados-e-Pendentes.pdf\">Edital N\u00ba2 &#8211; 2023 Divulga\u00e7\u00e3o de Habilitados, inabilitados e pendentes<\/a> <\/p>\n<\/div><\/details><\/div>\n\n\n\n<div class=\"wp-block-atomic-blocks-ab-accordion ab-block-accordion\"><details><summary class=\"ab-accordion-title\">Convoca\u00e7\u00f5es Ordin\u00e1rias<\/summary><div class=\"ab-accordion-text\">\n<div class=\"wp-block-atomic-blocks-ab-accordion ab-block-accordion\"><details><summary class=\"ab-accordion-title\">2025<\/summary><div class=\"ab-accordion-text\">\n<p><a href=\"https:\/\/cbhbois.meioambiente.go.gov.br\/wp-content\/uploads\/2026\/01\/Convocacao-para-31a-Reuniao-Ordinaria-do-CBH-Bois.pdf\" data-type=\"link\" data-id=\"https:\/\/cbhbois.meioambiente.go.gov.br\/wp-content\/uploads\/2026\/01\/Convocacao-para-31a-Reuniao-Ordinaria-do-CBH-Bois.pdf\">Convoca\u00e7\u00e3o &#8211; 31\u00aa Reuni\u00e3o Ordin\u00e1ria &#8211; Outubro &#8211; 2025<\/a><\/p>\n\n\n\n<p><a href=\"https:\/\/cbhbois.meioambiente.go.gov.br\/wp-content\/uploads\/2025\/02\/Convocacao-para-30a-Reuniao-Ordinaria-do-CBH-Bois.pdf\" data-type=\"link\" data-id=\"https:\/\/cbhbois.meioambiente.go.gov.br\/wp-content\/uploads\/2025\/02\/Convocacao-para-30a-Reuniao-Ordinaria-do-CBH-Bois.pdf\">Convoca\u00e7\u00e3o &#8211; 30\u00aa Reuni\u00e3o Ordin\u00e1ria &#8211; Janeiro &#8211; 2025<\/a><\/p>\n\n\n\n<p><\/p>\n\n\n\n<p><\/p>\n<\/div><\/details><\/div>\n\n\n\n<div class=\"wp-block-atomic-blocks-ab-accordion ab-block-accordion\"><details><summary class=\"ab-accordion-title\">2024<\/summary><div class=\"ab-accordion-text\">\n<p><a href=\"https:\/\/cbhbois.meioambiente.go.gov.br\/wp-content\/uploads\/2024\/12\/Convocacao-para-29a-Reuniao-Ordinaria-do-CBH-Bois.pdf\" data-type=\"link\" data-id=\"https:\/\/cbhbois.meioambiente.go.gov.br\/wp-content\/uploads\/2024\/12\/Convocacao-para-29a-Reuniao-Ordinaria-do-CBH-Bois.pdf\">Convoca\u00e7\u00e3o &#8211; 29\u00aa Reuni\u00e3o Ordin\u00e1ria<\/a><\/p>\n\n\n\n<p><a href=\"https:\/\/cbhbois.meioambiente.go.gov.br\/wp-content\/uploads\/2024\/04\/Convocac\u0327a\u0303o-para-28a-Reunia\u0303o-Ordina\u0301ria-do-CBH-Bois-1.pdf\" data-type=\"link\" data-id=\"https:\/\/cbhbois.meioambiente.go.gov.br\/wp-content\/uploads\/2024\/04\/Convocac\u0327a\u0303o-para-28a-Reunia\u0303o-Ordina\u0301ria-do-CBH-Bois-1.pdf\">Convoca\u00e7\u00e3o &#8211; 28\u00aa Reuni\u00e3o Ordin\u00e1ria<\/a><\/p>\n\n\n\n<p><\/p>\n<\/div><\/details><\/div>\n\n\n\n<div class=\"wp-block-atomic-blocks-ab-accordion ab-block-accordion\"><details><summary class=\"ab-accordion-title\">2023<\/summary><div class=\"ab-accordion-text\">\n<p><a href=\"https:\/\/cbhbois.meioambiente.go.gov.br\/wp-content\/uploads\/2023\/03\/Convocacao-27a-Reuniao-Ordinaria-CBH-BOIS.pdf\" data-type=\"URL\" data-id=\"https:\/\/cbhbois.meioambiente.go.gov.br\/wp-content\/uploads\/2023\/03\/Convocacao-27a-Reuniao-Ordinaria-CBH-BOIS.pdf\" target=\"_blank\" rel=\"noreferrer noopener\">Convoca\u00e7\u00e3o &#8211; 27\u00aa Reuni\u00e3o Ordin\u00e1ria<\/a><\/p>\n\n\n\n<p><\/p>\n<\/div><\/details><\/div>\n\n\n\n<div class=\"wp-block-atomic-blocks-ab-accordion ab-block-accordion\"><details><summary class=\"ab-accordion-title\">2022<\/summary><div class=\"ab-accordion-text\">\n<p><a href=\"https:\/\/cbhbois.meioambiente.go.gov.br\/wp-content\/uploads\/2022\/10\/Convocacao-26a-Reuniao-Ordinaria-CBH-BOIS.pdf\" data-type=\"URL\" data-id=\"https:\/\/cbhbois.meioambiente.go.gov.br\/wp-content\/uploads\/2022\/10\/Convocacao-26a-Reuniao-Ordinaria-CBH-BOIS.pdf\" target=\"_blank\" rel=\"noreferrer noopener\">Convoca\u00e7\u00e3o &#8211; 26\u00aa Reuni\u00e3o Ordin\u00e1ria<\/a><\/p>\n\n\n\n<p><a rel=\"noreferrer noopener\" href=\"https:\/\/cbhbois.meioambiente.go.gov.br\/wp-content\/uploads\/2022\/09\/25a-Convocacao-ORDINARIA-2022.pdf\" data-type=\"URL\" data-id=\"https:\/\/cbhbois.meioambiente.go.gov.br\/wp-content\/uploads\/2022\/09\/25a-Convocacao-ORDINARIA-2022.pdf\" target=\"_blank\">Convoca\u00e7\u00e3o &#8211; 25\u00aa Reuni\u00e3o Ordin\u00e1ria<\/a><\/p>\n\n\n\n<p><a rel=\"noreferrer noopener\" href=\"https:\/\/cbhbois.meioambiente.go.gov.br\/wp-content\/uploads\/2022\/08\/24a-Convocacao-ORDINARIA-2022.pdf\" data-type=\"URL\" data-id=\"https:\/\/cbhbois.meioambiente.go.gov.br\/wp-content\/uploads\/2022\/08\/24a-Convocacao-ORDINARIA-2022.pdf\" target=\"_blank\">Convoca\u00e7\u00e3o &#8211; 24\u00aa Reuni\u00e3o Ordin\u00e1ria<\/a><\/p>\n<\/div><\/details><\/div>\n\n\n\n<div class=\"wp-block-atomic-blocks-ab-accordion ab-block-accordion\"><details><summary class=\"ab-accordion-title\">2021<\/summary><div class=\"ab-accordion-text\">\n<p><a href=\"https:\/\/cbhbois.meioambiente.go.gov.br\/wp-content\/uploads\/2022\/08\/23a-Convocacao-ORDINARIA-2021.pdf\" data-type=\"URL\" data-id=\"https:\/\/cbhbois.meioambiente.go.gov.br\/wp-content\/uploads\/2022\/08\/23a-Convocacao-ORDINARIA-2021.pdf\" target=\"_blank\" rel=\"noreferrer noopener\">Convoca\u00e7\u00e3o &#8211; 023<\/a><\/p>\n\n\n\n<p><a rel=\"noreferrer noopener\" href=\"https:\/\/cbhbois.meioambiente.go.gov.br\/wp-content\/uploads\/2022\/03\/22a-Convocacao-ORDINARIA-2021.pdf\" data-type=\"URL\" data-id=\"https:\/\/cbhbois.meioambiente.go.gov.br\/wp-content\/uploads\/2022\/03\/22a-Convocacao-ORDINARIA-2021.pdf\" target=\"_blank\">Convoca\u00e7\u00e3o &#8211; 022<\/a><\/p>\n\n\n\n<p><a rel=\"noreferrer noopener\" href=\"https:\/\/cbhbois.meioambiente.go.gov.br\/wp-content\/uploads\/2021\/09\/21a-Convocacao-ORDINARIA-2021.pdf\" data-type=\"URL\" data-id=\"https:\/\/cbhbois.meioambiente.go.gov.br\/wp-content\/uploads\/2021\/09\/21a-Convocacao-ORDINARIA-2021.pdf\" target=\"_blank\">Convoca\u00e7\u00e3o &#8211; 021<\/a><\/p>\n\n\n\n<p><a href=\"https:\/\/cbhbois.meioambiente.go.gov.br\/wp-content\/uploads\/2021\/09\/20a-Convocacao-ORDINARIA-2021.pdf\" data-type=\"URL\" data-id=\"https:\/\/cbhbois.meioambiente.go.gov.br\/wp-content\/uploads\/2021\/09\/20a-Convocacao-ORDINARIA-2021.pdf\" target=\"_blank\" rel=\"noreferrer noopener\">Convoca\u00e7\u00e3o &#8211; 020<\/a><\/p>\n<\/div><\/details><\/div>\n\n\n\n<div class=\"wp-block-atomic-blocks-ab-accordion ab-block-accordion\"><details><summary class=\"ab-accordion-title\">2020<\/summary><div class=\"ab-accordion-text\">\n<p><a href=\"https:\/\/cbhbois.meioambiente.go.gov.br\/wp-content\/uploads\/2021\/09\/19a-Convocacao-ORDINARIA-2020.pdf\" data-type=\"URL\" data-id=\"https:\/\/cbhbois.meioambiente.go.gov.br\/wp-content\/uploads\/2021\/09\/19a-Convocacao-ORDINARIA-2020.pdf\" target=\"_blank\" rel=\"noreferrer noopener\">Convoca\u00e7\u00e3o &#8211; 019<\/a><\/p>\n\n\n\n<p><a href=\"https:\/\/cbhbois.meioambiente.go.gov.br\/wp-content\/uploads\/2021\/09\/18a-Convocacao-ORDINARIA-2020.pdf\" data-type=\"URL\" data-id=\"https:\/\/cbhbois.meioambiente.go.gov.br\/wp-content\/uploads\/2021\/09\/18a-Convocacao-ORDINARIA-2020.pdf\" target=\"_blank\" rel=\"noreferrer noopener\">Convoca\u00e7\u00e3o &#8211; 018<\/a><\/p>\n\n\n\n<p><a href=\"https:\/\/cbhbois.meioambiente.go.gov.br\/wp-content\/uploads\/2021\/09\/17a-Convocacao-ORDINARIA-2020.pdf\" data-type=\"URL\" data-id=\"https:\/\/cbhbois.meioambiente.go.gov.br\/wp-content\/uploads\/2021\/09\/17a-Convocacao-ORDINARIA-2020.pdf\" target=\"_blank\" rel=\"noreferrer noopener\">Convoca\u00e7\u00e3o &#8211; 017<\/a><\/p>\n\n\n\n<p><a rel=\"noreferrer noopener\" href=\"https:\/\/cbhbois.meioambiente.go.gov.br\/wp-content\/uploads\/2021\/09\/16a-Convocacao-ORDINARIA-2020.pdf\" data-type=\"URL\" data-id=\"https:\/\/cbhbois.meioambiente.go.gov.br\/wp-content\/uploads\/2021\/09\/16a-Convocacao-ORDINARIA-2020.pdf\" target=\"_blank\">Convoca\u00e7\u00e3o &#8211; 016<\/a><\/p>\n<\/div><\/details><\/div>\n\n\n\n<div class=\"wp-block-atomic-blocks-ab-accordion ab-block-accordion\"><details><summary class=\"ab-accordion-title\">2019<\/summary><div class=\"ab-accordion-text\">\n<p><a href=\"https:\/\/cbhbois.meioambiente.go.gov.br\/wp-content\/uploads\/2021\/09\/14a-Convocacao-ORDINARIA-2019.pdf\" data-type=\"URL\" data-id=\"https:\/\/cbhbois.meioambiente.go.gov.br\/wp-content\/uploads\/2021\/09\/14a-Convocacao-ORDINARIA-2019.pdf\" target=\"_blank\" rel=\"noreferrer noopener\">Convoca\u00e7\u00e3o &#8211; 014<\/a><\/p>\n\n\n\n<p><a rel=\"noreferrer noopener\" href=\"https:\/\/cbhbois.meioambiente.go.gov.br\/wp-content\/uploads\/2021\/09\/13a-Convocacao-ORDINARIA-2019.pdf\" data-type=\"URL\" data-id=\"https:\/\/cbhbois.meioambiente.go.gov.br\/wp-content\/uploads\/2021\/09\/13a-Convocacao-ORDINARIA-2019.pdf\" target=\"_blank\">Convoca\u00e7\u00e3o &#8211; 013<\/a><\/p>\n<\/div><\/details><\/div>\n\n\n\n<div class=\"wp-block-atomic-blocks-ab-accordion ab-block-accordion\"><details><summary class=\"ab-accordion-title\">2018<\/summary><div class=\"ab-accordion-text\">\n<p><a href=\"https:\/\/cbhbois.meioambiente.go.gov.br\/wp-content\/uploads\/2021\/09\/12a-Convocacao-ORDINARIA-2018.pdf\" data-type=\"URL\" data-id=\"https:\/\/cbhbois.meioambiente.go.gov.br\/wp-content\/uploads\/2021\/09\/12a-Convocacao-ORDINARIA-2018.pdf\" target=\"_blank\" rel=\"noreferrer noopener\">Convoca\u00e7\u00e3o &#8211; 012<\/a><\/p>\n\n\n\n<p><a href=\"https:\/\/cbhbois.meioambiente.go.gov.br\/wp-content\/uploads\/2021\/09\/11a-Convocacao-ORDINARIA-2018.pdf\" data-type=\"URL\" data-id=\"https:\/\/cbhbois.meioambiente.go.gov.br\/wp-content\/uploads\/2021\/09\/11a-Convocacao-ORDINARIA-2018.pdf\" target=\"_blank\" rel=\"noreferrer noopener\">Convoca\u00e7\u00e3o &#8211; 011<\/a><\/p>\n\n\n\n<p><a href=\"https:\/\/cbhbois.meioambiente.go.gov.br\/wp-content\/uploads\/2021\/09\/10a-Convocacao-ORDINARIA-2018.pdf\" data-type=\"URL\" data-id=\"https:\/\/cbhbois.meioambiente.go.gov.br\/wp-content\/uploads\/2021\/09\/10a-Convocacao-ORDINARIA-2018.pdf\" target=\"_blank\" rel=\"noreferrer noopener\">Convoca\u00e7\u00e3o &#8211; 010<\/a><\/p>\n\n\n\n<p><a rel=\"noreferrer noopener\" href=\"https:\/\/cbhbois.meioambiente.go.gov.br\/wp-content\/uploads\/2021\/09\/9a-Convocacao-ORDINARIA-2018.pdf\" data-type=\"URL\" data-id=\"https:\/\/cbhbois.meioambiente.go.gov.br\/wp-content\/uploads\/2021\/09\/9a-Convocacao-ORDINARIA-2018.pdf\" target=\"_blank\">Convoca\u00e7\u00e3o &#8211; 009<\/a><\/p>\n<\/div><\/details><\/div>\n\n\n\n<div class=\"wp-block-atomic-blocks-ab-accordion ab-block-accordion\"><details><summary class=\"ab-accordion-title\">2017<\/summary><div class=\"ab-accordion-text\">\n<p><a href=\"https:\/\/cbhbois.meioambiente.go.gov.br\/wp-content\/uploads\/2021\/09\/8a-Convocacao-ORDINARIA-2017.pdf\" data-type=\"URL\" data-id=\"https:\/\/cbhbois.meioambiente.go.gov.br\/wp-content\/uploads\/2021\/09\/8a-Convocacao-ORDINARIA-2017.pdf\" target=\"_blank\" rel=\"noreferrer noopener\">Convoca\u00e7\u00e3o &#8211; 008<\/a><\/p>\n\n\n\n<p><a href=\"https:\/\/cbhbois.meioambiente.go.gov.br\/wp-content\/uploads\/2021\/09\/7a-Convocacao-ORDINARIA-2017.pdf\" data-type=\"URL\" data-id=\"https:\/\/cbhbois.meioambiente.go.gov.br\/wp-content\/uploads\/2021\/09\/7a-Convocacao-ORDINARIA-2017.pdf\" target=\"_blank\" rel=\"noreferrer noopener\">Convoca\u00e7\u00e3o &#8211; 007<\/a><\/p>\n\n\n\n<p><a rel=\"noreferrer noopener\" href=\"https:\/\/cbhbois.meioambiente.go.gov.br\/wp-content\/uploads\/2021\/09\/6a-Convocacao-ORDINARIA-2017.pdf\" data-type=\"URL\" data-id=\"https:\/\/cbhbois.meioambiente.go.gov.br\/wp-content\/uploads\/2021\/09\/6a-Convocacao-ORDINARIA-2017.pdf\" target=\"_blank\">Convoca\u00e7\u00e3o &#8211; 006<\/a><\/p>\n<\/div><\/details><\/div>\n\n\n\n<div class=\"wp-block-atomic-blocks-ab-accordion ab-block-accordion\"><details><summary class=\"ab-accordion-title\">2016<\/summary><div class=\"ab-accordion-text\">\n<p><a rel=\"noreferrer noopener\" href=\"https:\/\/cbhbois.meioambiente.go.gov.br\/wp-content\/uploads\/2021\/09\/5a-Convocacao-ORDINARIA-2016.pdf\" data-type=\"URL\" data-id=\"https:\/\/cbhbois.meioambiente.go.gov.br\/wp-content\/uploads\/2021\/09\/5a-Convocacao-ORDINARIA-2016.pdf\" target=\"_blank\">Convoca\u00e7\u00e3o &#8211; 005<\/a><\/p>\n\n\n\n<p><a href=\"https:\/\/cbhbois.meioambiente.go.gov.br\/wp-content\/uploads\/2023\/01\/CONVOCACAO-3a-Reuniao-Ordinaria.pdf\" data-type=\"URL\" data-id=\"https:\/\/cbhbois.meioambiente.go.gov.br\/wp-content\/uploads\/2023\/01\/CONVOCACAO-3a-Reuniao-Ordinaria.pdf\" target=\"_blank\" rel=\"noreferrer noopener\">Convoca\u00e7\u00e3o &#8211; 003<\/a><\/p>\n<\/div><\/details><\/div>\n<\/div><\/details><\/div>\n\n\n\n<div class=\"wp-block-atomic-blocks-ab-accordion ab-block-accordion\"><details><summary class=\"ab-accordion-title\">Convoca\u00e7\u00f5es Extraordin\u00e1rias<\/summary><div class=\"ab-accordion-text\">\n<div class=\"wp-block-atomic-blocks-ab-accordion ab-block-accordion\"><details><summary class=\"ab-accordion-title\">2025<\/summary><div class=\"ab-accordion-text\">\n<p><a href=\"https:\/\/cbhbois.meioambiente.go.gov.br\/wp-content\/uploads\/2025\/06\/Convocacao-para-14a-Reuniao-Extraordinaria-do-CBH-Bois.pdf\" data-type=\"link\" data-id=\"https:\/\/cbhbois.meioambiente.go.gov.br\/wp-content\/uploads\/2025\/06\/Convocacao-para-14a-Reuniao-Extraordinaria-do-CBH-Bois.pdf\">14\u00aa Convoca\u00e7\u00e3o EXTRAORDIN\u00c1RIA<\/a><\/p>\n\n\n\n<p><\/p>\n<\/div><\/details><\/div>\n\n\n\n<div class=\"wp-block-atomic-blocks-ab-accordion ab-block-accordion\"><details><summary class=\"ab-accordion-title\">2024<\/summary><div class=\"ab-accordion-text\">\n<p><a href=\"https:\/\/cbhbois.meioambiente.go.gov.br\/wp-content\/uploads\/2024\/09\/Convocacao-para-13a-Reuniao-Extraordinaria-do-CBH-Bois.pdf\" data-type=\"link\" data-id=\"https:\/\/cbhbois.meioambiente.go.gov.br\/wp-content\/uploads\/2024\/09\/Convocacao-para-13a-Reuniao-Extraordinaria-do-CBH-Bois.pdf\" target=\"_blank\" rel=\"noreferrer noopener\">13\u00aa Convoca\u00e7\u00e3o EXTRAORDIN\u00c1RIA<\/a><\/p>\n\n\n\n<p><a href=\"https:\/\/cbhbois.meioambiente.go.gov.br\/wp-content\/uploads\/2024\/06\/Convocacao-para-12a-Reuniao-Extraordinaria-do-CBH-Bois.pdf\" data-type=\"link\" data-id=\"https:\/\/cbhbois.meioambiente.go.gov.br\/wp-content\/uploads\/2024\/06\/Convocacao-para-12a-Reuniao-Extraordinaria-do-CBH-Bois.pdf\" target=\"_blank\" rel=\"noreferrer noopener\">12\u00aa Convoca\u00e7\u00e3o EXTRAORDIN\u00c1RIA<\/a><\/p>\n<\/div><\/details><\/div>\n\n\n\n<div class=\"wp-block-atomic-blocks-ab-accordion ab-block-accordion\"><details><summary class=\"ab-accordion-title\">2023<\/summary><div class=\"ab-accordion-text\">\n<p><a href=\"https:\/\/cbhbois.meioambiente.go.gov.br\/wp-content\/uploads\/2023\/08\/Convocacao-para-11a-Reuniao-Extraordinaria-do-CBH-Bois.pdf\" data-type=\"URL\" data-id=\"https:\/\/cbhbois.meioambiente.go.gov.br\/wp-content\/uploads\/2023\/08\/Convocacao-para-11a-Reuniao-Extraordinaria-do-CBH-Bois.pdf\" target=\"_blank\" rel=\"noreferrer noopener\">11\u00aa Convoca\u00e7\u00e3o EXTRAORDIN\u00c1RIA<\/a><\/p>\n\n\n\n<p><\/p>\n<\/div><\/details><\/div>\n\n\n\n<div class=\"wp-block-atomic-blocks-ab-accordion ab-block-accordion\"><details><summary class=\"ab-accordion-title\">2022<\/summary><div class=\"ab-accordion-text\">\n<p><a href=\"https:\/\/cbhbois.meioambiente.go.gov.br\/wp-content\/uploads\/2022\/08\/10a-Convocacao-EXTRAORDINARIA-2022.pdf\" data-type=\"URL\" data-id=\"https:\/\/cbhbois.meioambiente.go.gov.br\/wp-content\/uploads\/2022\/08\/10a-Convocacao-EXTRAORDINARIA-2022.pdf\" target=\"_blank\" rel=\"noreferrer noopener\">Convoca\u00e7\u00e3o &#8211; 010<\/a><\/p>\n\n\n\n<p><a href=\"https:\/\/cbhbois.meioambiente.go.gov.br\/wp-content\/uploads\/2022\/08\/9a-Convocacao-EXTRAORDINARIA-2022.pdf\" data-type=\"URL\" data-id=\"https:\/\/cbhbois.meioambiente.go.gov.br\/wp-content\/uploads\/2022\/08\/9a-Convocacao-EXTRAORDINARIA-2022.pdf\" target=\"_blank\" rel=\"noreferrer noopener\">Convoca\u00e7\u00e3o &#8211; 009<\/a><\/p>\n<\/div><\/details><\/div>\n\n\n\n<div class=\"wp-block-atomic-blocks-ab-accordion ab-block-accordion\"><details><summary class=\"ab-accordion-title\">2021<\/summary><div class=\"ab-accordion-text\">\n<p><a href=\"https:\/\/cbhbois.meioambiente.go.gov.br\/wp-content\/uploads\/2022\/03\/8a-Convocacao-EXTRAORDINARIA-2021.pdf\" data-type=\"URL\" data-id=\"https:\/\/cbhbois.meioambiente.go.gov.br\/wp-content\/uploads\/2022\/03\/8a-Convocacao-EXTRAORDINARIA-2021.pdf\" target=\"_blank\" rel=\"noreferrer noopener\">Convoca\u00e7\u00e3o &#8211; 008<\/a><\/p>\n\n\n\n<p><a href=\"https:\/\/cbhbois.meioambiente.go.gov.br\/wp-content\/uploads\/2022\/03\/7a-Convocacao-EXTRAORDINARIA-2021.pdf\" data-type=\"URL\" data-id=\"https:\/\/cbhbois.meioambiente.go.gov.br\/wp-content\/uploads\/2022\/03\/7a-Convocacao-EXTRAORDINARIA-2021.pdf\" target=\"_blank\" rel=\"noreferrer noopener\">Convoca\u00e7\u00e3o &#8211; 007<\/a><\/p>\n\n\n\n<p><a rel=\"noreferrer noopener\" href=\"https:\/\/cbhbois.meioambiente.go.gov.br\/wp-content\/uploads\/2021\/09\/6a-Convocacao-EXTRAORDINARIA-2021.pdf\" data-type=\"URL\" data-id=\"https:\/\/cbhbois.meioambiente.go.gov.br\/wp-content\/uploads\/2021\/09\/6a-Convocacao-EXTRAORDINARIA-2021.pdf\" target=\"_blank\">Convoca\u00e7\u00e3o &#8211; 006<\/a><\/p>\n\n\n\n<p><a href=\"https:\/\/cbhbois.meioambiente.go.gov.br\/wp-content\/uploads\/2021\/09\/5a-Convocacao-EXTRAORDINARIA-2021.pdf\" data-type=\"URL\" data-id=\"https:\/\/cbhbois.meioambiente.go.gov.br\/wp-content\/uploads\/2021\/09\/5a-Convocacao-EXTRAORDINARIA-2021.pdf\" target=\"_blank\" rel=\"noreferrer noopener\">Convoca\u00e7\u00e3o &#8211; 005<\/a><\/p>\n<\/div><\/details><\/div>\n\n\n\n<div class=\"wp-block-atomic-blocks-ab-accordion ab-block-accordion\"><details><summary class=\"ab-accordion-title\">2020<\/summary><div class=\"ab-accordion-text\">\n<p><a href=\"https:\/\/cbhbois.meioambiente.go.gov.br\/wp-content\/uploads\/2021\/09\/4a-Convocacao-EXTRAORDINARIA-2020.pdf\" data-type=\"URL\" data-id=\"https:\/\/cbhbois.meioambiente.go.gov.br\/wp-content\/uploads\/2021\/09\/4a-Convocacao-EXTRAORDINARIA-2020.pdf\" target=\"_blank\" rel=\"noreferrer noopener\">Convoca\u00e7\u00e3o &#8211; 004<\/a><\/p>\n<\/div><\/details><\/div>\n\n\n\n<div class=\"wp-block-atomic-blocks-ab-accordion ab-block-accordion\"><details><summary class=\"ab-accordion-title\">2019<\/summary><div class=\"ab-accordion-text\">\n<p><a href=\"https:\/\/cbhbois.meioambiente.go.gov.br\/wp-content\/uploads\/2021\/09\/3a-Convocacao-EXTRAORDINARIA-2019.pdf\" data-type=\"URL\" data-id=\"https:\/\/cbhbois.meioambiente.go.gov.br\/wp-content\/uploads\/2021\/09\/3a-Convocacao-EXTRAORDINARIA-2019.pdf\" target=\"_blank\" rel=\"noreferrer noopener\">Convoca\u00e7\u00e3o &#8211; 003<\/a><\/p>\n<\/div><\/details><\/div>\n\n\n\n<div class=\"wp-block-atomic-blocks-ab-accordion ab-block-accordion\"><details><summary class=\"ab-accordion-title\">2017<\/summary><div class=\"ab-accordion-text\">\n<p><a href=\"https:\/\/cbhbois.meioambiente.go.gov.br\/wp-content\/uploads\/2021\/09\/1a-Convocacao-EXTRAORDINARIA-2017.pdf\" data-type=\"URL\" data-id=\"https:\/\/cbhbois.meioambiente.go.gov.br\/wp-content\/uploads\/2021\/09\/1a-Convocacao-EXTRAORDINARIA-2017.pdf\" target=\"_blank\" rel=\"noreferrer noopener\">Convoca\u00e7\u00e3o &#8211; 001<\/a><\/p>\n<\/div><\/details><\/div>\n<\/div><\/details><\/div>\n\n\n\n<div class=\"wp-block-atomic-blocks-ab-accordion ab-block-accordion\"><details><summary class=\"ab-accordion-title\">Convoca\u00e7\u00f5es  GT\/GTA<\/summary><div class=\"ab-accordion-text\">\n<p><a href=\"https:\/\/cbhbois.meioambiente.go.gov.br\/wp-content\/uploads\/2022\/03\/1a-Convocacao-GT-PLANO-2016.pdf\" data-type=\"URL\" data-id=\"https:\/\/cbhbois.meioambiente.go.gov.br\/wp-content\/uploads\/2022\/03\/1a-Convocacao-GT-PLANO-2016.pdf\" target=\"_blank\" rel=\"noreferrer noopener\">1\u00aa Convoca\u00e7\u00e3o GT PLANO &#8211; 2016<\/a><\/p>\n\n\n\n<p><a href=\"https:\/\/cbhbois.meioambiente.go.gov.br\/wp-content\/uploads\/2022\/03\/2a-Convocacao-GT-PLANO-2017.pdf\" data-type=\"URL\" data-id=\"https:\/\/cbhbois.meioambiente.go.gov.br\/wp-content\/uploads\/2022\/03\/2a-Convocacao-GT-PLANO-2017.pdf\" target=\"_blank\" rel=\"noreferrer noopener\">2\u00aa Convoca\u00e7\u00e3o &#8211; GT PLANO &#8211; 2017<\/a><\/p>\n\n\n\n<p><a href=\"https:\/\/cbhbois.meioambiente.go.gov.br\/wp-content\/uploads\/2022\/03\/Convocacao-GT-ESTUDO-DE-VAZAO-2019.pdf\" data-type=\"URL\" data-id=\"https:\/\/cbhbois.meioambiente.go.gov.br\/wp-content\/uploads\/2022\/03\/Convocacao-GT-ESTUDO-DE-VAZAO-2019.pdf\" target=\"_blank\" rel=\"noreferrer noopener\">Convoca\u00e7\u00e3o GT ESTUDO DE VAZ\u00c3O &#8211; 2019<\/a><\/p>\n<\/div><\/details><\/div>\n\n\n\n<div class=\"wp-block-atomic-blocks-ab-accordion ab-block-accordion\"><details><summary class=\"ab-accordion-title\">Convoca\u00e7\u00f5es Reuni\u00e3o Conjunta<\/summary><div class=\"ab-accordion-text\">\n<p><a href=\"https:\/\/cbhbois.meioambiente.go.gov.br\/wp-content\/uploads\/2024\/06\/1a-Reuniao-Conjunta-dos-CBHs-Goianos.pdf\" data-type=\"link\" data-id=\"https:\/\/cbhbois.meioambiente.go.gov.br\/wp-content\/uploads\/2024\/06\/1a-Reuniao-Conjunta-dos-CBHs-Goianos.pdf\" target=\"_blank\" rel=\"noreferrer noopener\">1\u00aa Reuni\u00e3o Extraordin\u00e1ria Conjunta dos CBHs Goianos<\/a><\/p>\n<\/div><\/details><\/div>\n","protected":false},"excerpt":{"rendered":"","protected":false},"author":2,"featured_media":0,"parent":0,"menu_order":0,"comment_status":"closed","ping_status":"closed","template":"general-template.php","meta":{"footnotes":""},"class_list":["post-60","page","type-page","status-publish","hentry"],"featured_image_src":null,"featured_image_src_square":null,"jetpack_sharing_enabled":true,"_links":{"self":[{"href":"https:\/\/cbhbois.meioambiente.go.gov.br\/index.php?rest_route=\/wp\/v2\/pages\/60","targetHints":{"allow":["GET"]}}],"collection":[{"href":"https:\/\/cbhbois.meioambiente.go.gov.br\/index.php?rest_route=\/wp\/v2\/pages"}],"about":[{"href":"https:\/\/cbhbois.meioambiente.go.gov.br\/index.php?rest_route=\/wp\/v2\/types\/page"}],"author":[{"embeddable":true,"href":"https:\/\/cbhbois.meioambiente.go.gov.br\/index.php?rest_route=\/wp\/v2\/users\/2"}],"replies":[{"embeddable":true,"href":"https:\/\/cbhbois.meioambiente.go.gov.br\/index.php?rest_route=%2Fwp%2Fv2%2Fcomments&post=60"}],"version-history":[{"count":32,"href":"https:\/\/cbhbois.meioambiente.go.gov.br\/index.php?rest_route=\/wp\/v2\/pages\/60\/revisions"}],"predecessor-version":[{"id":1126,"href":"https:\/\/cbhbois.meioambiente.go.gov.br\/index.php?rest_route=\/wp\/v2\/pages\/60\/revisions\/1126"}],"wp:attachment":[{"href":"https:\/\/cbhbois.meioambiente.go.gov.br\/index.php?rest_route=%2Fwp%2Fv2%2Fmedia&parent=60"}],"curies":[{"name":"wp","href":"https:\/\/api.w.org\/{rel}","templated":true}]}}