{"id":58,"date":"2021-09-08T14:47:37","date_gmt":"2021-09-08T17:47:37","guid":{"rendered":"https:\/\/cbhbois.meioambiente.go.gov.br\/?page_id=58"},"modified":"2026-01-27T23:41:30","modified_gmt":"2026-01-28T02:41:30","slug":"mocoes","status":"publish","type":"page","link":"https:\/\/cbhbois.meioambiente.go.gov.br\/?page_id=58","title":{"rendered":"Atas"},"content":{"rendered":"\n<div class=\"wp-block-atomic-blocks-ab-accordion ab-block-accordion\"><details><summary class=\"ab-accordion-title\">Ordin\u00e1rias<\/summary><div class=\"ab-accordion-text\">\n<div class=\"wp-block-atomic-blocks-ab-accordion ab-block-accordion\"><details><summary class=\"ab-accordion-title\">2025<\/summary><div class=\"ab-accordion-text\">\n<p class=\"has-small-font-size\"><a href=\"https:\/\/cbhbois.meioambiente.go.gov.br\/wp-content\/uploads\/2025\/07\/ATA-30a-REUNIAO-ORDINA\u0301RIA-DO-CBH-BOIS.pdf\" data-type=\"link\" data-id=\"https:\/\/cbhbois.meioambiente.go.gov.br\/wp-content\/uploads\/2025\/07\/ATA-30a-REUNIAO-ORDINA\u0301RIA-DO-CBH-BOIS.pdf\"><strong>ATA &#8211; 30\u00aa Reuni\u00e3o Ordin\u00e1ria &#8211; <\/strong>Aprecia\u00e7\u00e3o e delibera\u00e7\u00e3o sobre o Plano de Aplica\u00e7\u00e3o Plurianual (PAP) dos recursos origin\u00e1rios da cobran\u00e7a pelo uso de recursos h\u00eddricos de dom\u00ednio estadual na Bacia Hidrogr\u00e1fica do Rio dos Bois &#8211; CBH Bois &#8211; Apresenta\u00e7\u00e3o e Delibera\u00e7\u00e3o da Agenda de Reuni\u00f5es do CBH BOIS para 2025.<\/a><\/p>\n\n\n\n<p class=\"has-small-font-size\"><\/p>\n\n\n\n<p class=\"has-small-font-size\"><\/p>\n\n\n\n<p class=\"has-small-font-size\"><\/p>\n<\/div><\/details><\/div>\n\n\n\n<div class=\"wp-block-atomic-blocks-ab-accordion ab-block-accordion\"><details><summary class=\"ab-accordion-title\">2024<\/summary><div class=\"ab-accordion-text\">\n<p class=\"has-small-font-size\"><a href=\"https:\/\/cbhbois.meioambiente.go.gov.br\/wp-content\/uploads\/2025\/03\/ATA-29a-REUNIA\u0303O-ORDINARIA-DO-CBH-BOIS-.pdf\" data-type=\"link\" data-id=\"https:\/\/cbhbois.meioambiente.go.gov.br\/wp-content\/uploads\/2025\/03\/ATA-29a-REUNIA\u0303O-ORDINARIA-DO-CBH-BOIS-.pdf\"><strong>ATA &#8211; 29\u00aa Reuni\u00e3o Ordin\u00e1ria &#8211; <\/strong>Aprova\u00e7\u00e3o das Atas da 28\u00aa Reuni\u00e3o Ordin\u00e1ria e 12\u00aa Reuni\u00e3o Extraordin\u00e1ria do CBH Bois &#8211; Apresenta\u00e7\u00e3o do Resultado do 1\u00ba ciclo de 13 Avalia\u00e7\u00e3o da Implementa\u00e7\u00e3o do Plano de Bacia &#8211; Pedro Paulo Alves Godoi SEMAD.<\/a><\/p>\n\n\n\n<p class=\"has-small-font-size\"><a href=\"https:\/\/cbhbois.meioambiente.go.gov.br\/wp-content\/uploads\/2024\/12\/ATA-28a-REUNIAO-ORDINARIA-CBH-BOIS.pdf\" data-type=\"link\" data-id=\"https:\/\/cbhbois.meioambiente.go.gov.br\/wp-content\/uploads\/2024\/12\/ATA-28a-REUNIAO-ORDINARIA-CBH-BOIS.pdf\"><strong>ATA &#8211; 28\u00aa Reuni\u00e3o Ordin\u00e1ria &#8211; <\/strong>Apresenta\u00e7\u00e3o do Superintendente de Recursos H\u00eddricos e Informa\u00e7\u00f5es Ambientais &#8211; Alberonaldo Lima Alves: Avalia\u00e7\u00e3o da implementa\u00e7\u00e3o do Plano Pedro Paulo Alves God\u00f3i &#8211; Analista Ambiental\/SEMAD: Apresenta\u00e7\u00e3o do progn\u00f3stico clim\u00e1tico para 2024 \u2013 Centro de Informa\u00e7\u00f5es Meteorol\u00f3gicas e Hidrol\u00f3gicas de Goi\u00e1s (Cimehgo):<\/a><\/p>\n\n\n\n<p class=\"has-small-font-size\"><\/p>\n\n\n\n<p class=\"has-small-font-size\"><\/p>\n<\/div><\/details><\/div>\n\n\n\n<div class=\"wp-block-atomic-blocks-ab-accordion ab-block-accordion\"><details><summary class=\"ab-accordion-title\">2023<\/summary><div class=\"ab-accordion-text\">\n<p class=\"has-small-font-size\"><a href=\"https:\/\/cbhbois.meioambiente.go.gov.br\/wp-content\/uploads\/2023\/12\/ATA-27a-Reuniao-Ordinaria-CBH-Bois.pdf\" data-type=\"link\" data-id=\"https:\/\/cbhbois.meioambiente.go.gov.br\/wp-content\/uploads\/2023\/12\/ATA-27a-Reuniao-Ordinaria-CBH-Bois.pdf\"><strong>ATA &#8211; 27\u00aa Reuni\u00e3o Ordin\u00e1ria &#8211; <\/strong>Item 3. Aprova\u00e7\u00e3o do Relat\u00f3rio Anual de Atividades 2022 PROCOMIT\u00caS, Item 4. Defini\u00e7\u00e3o\/ Aprova\u00e7\u00e3o do Plano Anual de Atividades 2023 PROCOMIT\u00caS.Item 5.Apresenta\u00e7\u00e3o Hist\u00f3rico de discuss\u00e3o e dos relatos do extinto grupo GT Conflito criado pela Portaria n\u00ba03, de 16 de agosto de 2018.<\/a><\/p>\n<\/div><\/details><\/div>\n\n\n\n<div class=\"wp-block-atomic-blocks-ab-accordion ab-block-accordion\"><details><summary class=\"ab-accordion-title\">2022<\/summary><div class=\"ab-accordion-text\">\n<p class=\"has-small-font-size\"><a href=\"https:\/\/cbhbois.meioambiente.go.gov.br\/wp-content\/uploads\/2023\/12\/Ata-26a-Reuniao-Ordinaria-CBH-Bois.pdf\" data-type=\"link\" data-id=\"https:\/\/cbhbois.meioambiente.go.gov.br\/wp-content\/uploads\/2023\/12\/Ata-26a-Reuniao-Ordinaria-CBH-Bois.pdf\"><strong>ATA &#8211; 26\u00aa Reuni\u00e3o Ordin\u00e1ria &#8211; <\/strong>Abertura da Sess\u00e3o e verifica\u00e7\u00e3o de qu\u00f3rum; Aprova\u00e7\u00e3o da Ata da 25\u00aa Reuni\u00e3o Ordin\u00e1ria do CBH BOIS: Item 3. Aprova\u00e7\u00e3o da Agenda de Reuni\u00f5es Ordin\u00e1rias 2023: Item 4. Apresenta\u00e7\u00e3o da Pol\u00edtica Estadual de Seguran\u00e7a de Barragem:<\/a><\/p>\n\n\n\n<p class=\"has-small-font-size\"><a rel=\"noreferrer noopener\" href=\"https:\/\/cbhbois.meioambiente.go.gov.br\/wp-content\/uploads\/2022\/11\/ATA-25a-Reuniao-Ordinaria-2022.pdf\" data-type=\"URL\" data-id=\"https:\/\/cbhbois.meioambiente.go.gov.br\/wp-content\/uploads\/2022\/11\/ATA-25a-Reuniao-Ordinaria-2022.pdf\" target=\"_blank\"><strong>ATA &#8211; 25\u00aa Reuni\u00e3o Ordin\u00e1ria &#8211; <\/strong>Abertura da Sess\u00e3o e verifica\u00e7\u00e3o de qu\u00f3rum; Aprova\u00e7\u00e3o da Ata da 24a Reuni\u00e3o Ordin\u00e1ria; Item III. Apresenta\u00e7\u00e3o sobre Elabora\u00e7\u00e3o de Projetos e Publica\u00e7\u00e3o de Editais, para Obten\u00e7\u00e3o de Recursos do CBH Parana\u00edba com o intuito de uso nas Bacias dos Afluentes &#8211; ABHA<\/a><\/p>\n\n\n\n<p class=\"has-small-font-size\"><a rel=\"noreferrer noopener\" href=\"https:\/\/cbhbois.meioambiente.go.gov.br\/wp-content\/uploads\/2022\/09\/ATA-24a-Reuniao-Ordinaria-2022.pdf\" data-type=\"URL\" data-id=\"https:\/\/cbhbois.meioambiente.go.gov.br\/wp-content\/uploads\/2022\/09\/ATA-24a-Reuniao-Ordinaria-2022.pdf\" target=\"_blank\"><strong>ATA &#8211; 24\u00aa Reuni\u00e3o Ordin\u00e1ria <\/strong>&#8211; &nbsp;Abertura da Sess\u00e3o e verifica\u00e7\u00e3o de qu\u00f3rum; Apresenta\u00e7\u00e3o dos novos usu\u00e1rios de Recursos H\u00eddricos do Ribeir\u00e3o Ab\u00f3boras; Aprova\u00e7\u00e3o das Atas da 9\u00aa Reuni\u00e3o Extraordin\u00e1ria e 10\u00aa Reuni\u00e3o Extraordin\u00e1ria; Apresenta\u00e7\u00e3o da agenda da semana da \u00e1gua; Aprova\u00e7\u00e3o do Relat\u00f3rio Anual de Atividades 2021 PROCOMIT\u00caS; Defini\u00e7\u00e3o\/Aprova\u00e7\u00e3o do Plano Anual de Atividades 2022 PROCOMIT\u00caS; &#8211; Informes Gerais; Encerramento.<\/a><\/p>\n<\/div><\/details><\/div>\n\n\n\n<div class=\"wp-block-atomic-blocks-ab-accordion ab-block-accordion\"><details><summary class=\"ab-accordion-title\">2021<\/summary><div class=\"ab-accordion-text\">\n<p class=\"has-small-font-size\"><a rel=\"noreferrer noopener\" href=\"https:\/\/cbhbois.meioambiente.go.gov.br\/wp-content\/uploads\/2022\/07\/ATA-23o-Reuniao-Ordinaria-2021.pdf\" target=\"_blank\"><strong>ATA &#8211; 23\u00aa Reuni\u00e3o Ordin\u00e1ria<\/strong> &#8211; Abertura da Sess\u00e3o e verifica\u00e7\u00e3o de qu\u00f3rum; Aprova\u00e7\u00e3o da Ata da 7\u00aa e 8\u00aa Reuni\u00f5es Extraordin\u00e1rias; Elei\u00e7\u00e3o de renova\u00e7\u00e3o da Diretoria do Comit\u00ea de Bacia Hidrogr\u00e1fica do Rio dos&nbsp; BOIS, para Gest\u00e3o 2021 a 2023; \u2013 Informes Gerais; Encerramento.<\/a><\/p>\n\n\n\n<p class=\"has-small-font-size\"><a rel=\"noreferrer noopener\" href=\"https:\/\/cbhbois.meioambiente.go.gov.br\/wp-content\/uploads\/2022\/07\/ATA-22o-Reuniao-Ordinaria-2021.pdf\" data-type=\"URL\" data-id=\"https:\/\/cbhbois.meioambiente.go.gov.br\/wp-content\/uploads\/2022\/07\/ATA-22o-Reuniao-Ordinaria-2021.pdf\" target=\"_blank\"><strong>ATA &#8211; 22\u00aa Reuni\u00e3o Ordin\u00e1ria <\/strong>&#8211; Abertura da sess\u00e3o e verifica\u00e7\u00e3o de qu\u00f3rum;&nbsp; Apresenta\u00e7\u00e3o da Consolida\u00e7\u00e3o do PLANO DE BACIA (Produto 6) pela empresa contratada (FUNAPE\/UFG); Delibera\u00e7\u00e3o do CBH sobre a aprova\u00e7\u00e3o do Plano de Bacia;&nbsp; Delibera\u00e7\u00e3o do CBH sobre a aprova\u00e7\u00e3o da proposta de enquadramento para posterior encaminhamento ao Conselho Estadual de Recursos H\u00eddricos; encerramento.<\/a><\/p>\n\n\n\n<p class=\"has-small-font-size\"><a rel=\"noreferrer noopener\" href=\"https:\/\/cbhbois.meioambiente.go.gov.br\/wp-content\/uploads\/2021\/09\/ATA-21a-Reuniao-ORDINARIA-2021.pdf\" data-type=\"URL\" data-id=\"https:\/\/cbhbois.meioambiente.go.gov.br\/wp-content\/uploads\/2021\/09\/ATA-21a-Reuniao-ORDINARIA-2021.pdf\" target=\"_blank\"><strong>ATA &#8211; 21\u00aa Reuni\u00e3o Ordin\u00e1ria <\/strong>&#8211; Abertura da sess\u00e3o e verifica\u00e7\u00e3o de qu\u00f3rum; Aprova\u00e7\u00e3o da Ata da 20a Reuni\u00e3o Ordin\u00e1ria do CBH Bois; Apresenta\u00e7\u00e3o do Produto 5: Proposta de enquadramento e programa de efetiva\u00e7\u00e3o; Informativos Gerais; Encerramento.<\/a><\/p>\n\n\n\n<p class=\"has-small-font-size\"><a rel=\"noreferrer noopener\" href=\"https:\/\/cbhbois.meioambiente.go.gov.br\/wp-content\/uploads\/2021\/09\/ATA-20a-Reuniao-ORDINARIA-2021.pdf\" data-type=\"URL\" data-id=\"https:\/\/cbhbois.meioambiente.go.gov.br\/wp-content\/uploads\/2021\/09\/ATA-20a-Reuniao-ORDINARIA-2021.pdf\" target=\"_blank\"><strong>ATA &#8211; 20\u00aa Reuni\u00e3o Ordin\u00e1ria<\/strong> &#8211; Abertura da sess\u00e3o e verifica\u00e7\u00e3o de qu\u00f3rum;&nbsp; Aprova\u00e7\u00e3o das Atas da 19a Reuni\u00e3o Ordin\u00e1ria e da 5a Reuni\u00e3o Extraordin\u00e1ria do CBH Bois; Apresenta\u00e7\u00e3o da Agenda de Reuni\u00f5es Ordin\u00e1rias 2021;&nbsp; Aprecia\u00e7\u00e3o e aprova\u00e7\u00e3o do Relat\u00f3rio Anual de Atividades &#8211; 2020 e Apresenta\u00e7\u00e3o do Plano de Trabalho Anual; Apresenta\u00e7\u00e3o e discuss\u00e3o da delibera\u00e7\u00e3o do Grupo de Trabalho de regras para as bacias hidrogr\u00e1ficas; Apresenta\u00e7\u00e3o e Discuss\u00e3o das Exig\u00eancias do Conselho Estadual de Recursos H\u00eddricos (dos artigos 20 e 30 Resolu\u00e7\u00e3o CERHi16\/2019); informes gerais; encerramento.<\/a><\/p>\n<\/div><\/details><\/div>\n\n\n\n<div class=\"wp-block-atomic-blocks-ab-accordion ab-block-accordion\"><details><summary class=\"ab-accordion-title\">2020<\/summary><div class=\"ab-accordion-text\">\n<p class=\"has-small-font-size\"><strong><a rel=\"noreferrer noopener\" href=\"https:\/\/cbhbois.meioambiente.go.gov.br\/wp-content\/uploads\/2021\/09\/ATA-19a-Reuniao-ORDINARIA-2020.pdf\" data-type=\"URL\" data-id=\"https:\/\/cbhbois.meioambiente.go.gov.br\/wp-content\/uploads\/2021\/09\/ATA-19a-Reuniao-ORDINARIA-2020.pdf\" target=\"_blank\">ATA &#8211; 19\u00aa Reuni\u00e3o Ordin\u00e1ria<\/a><\/strong><a rel=\"noreferrer noopener\" href=\"https:\/\/cbhbois.meioambiente.go.gov.br\/wp-content\/uploads\/2021\/09\/ATA-19a-Reuniao-ORDINARIA-2020.pdf\" data-type=\"URL\" data-id=\"https:\/\/cbhbois.meioambiente.go.gov.br\/wp-content\/uploads\/2021\/09\/ATA-19a-Reuniao-ORDINARIA-2020.pdf\" target=\"_blank\"> &#8211; Abertura da sess\u00e3o e verifica\u00e7\u00e3o de qu\u00f3rum; Ordem do dia: Aprova\u00e7\u00e3o das Atas da 17a e 18a Reuni\u00f5es ordin\u00e1rias; Aprecia\u00e7\u00e3o e Aprova\u00e7\u00e3o do Plano de Capacita\u00e7\u00e3o; Aprecia\u00e7\u00e3o e Aprova\u00e7\u00e3o do Plano de comunica\u00e7\u00e3o; informes gerais, encerramento.<\/a><\/p>\n\n\n\n<p class=\"has-small-font-size\"><a rel=\"noreferrer noopener\" href=\"https:\/\/cbhbois.meioambiente.go.gov.br\/wp-content\/uploads\/2021\/09\/ATA-18a-Reuniao-ORDINARIA-2020.pdf\" data-type=\"URL\" data-id=\"https:\/\/cbhbois.meioambiente.go.gov.br\/wp-content\/uploads\/2021\/09\/ATA-18a-Reuniao-ORDINARIA-2020.pdf\" target=\"_blank\"><strong>ATA &#8211; 18\u00aa Reuni\u00e3o Ordin\u00e1ria<\/strong> &#8211; Abertura da sess\u00e3o e verifica\u00e7\u00e3o de qu\u00f3rum; Apresenta\u00e7\u00e3o do Produto 3 (Progn\u00f3stico dos Recursos H\u00eddricos das UPGRH&#8217;s). A Superintend\u00eancia de Recursos H\u00eddricos e Saneamento da SEMAD e os Professores da Escola de Engenharia Civil e Ambiental (EECA) da IJFG apresentar\u00e3o o Produto 3 do Plano de Recursos H\u00eddricos (PBAP-GO) atrav\u00e9s da Plataforma ZOOM; informes gerais, encerramento.<\/a><\/p>\n\n\n\n<p class=\"has-small-font-size\"><a rel=\"noreferrer noopener\" href=\"https:\/\/cbhbois.meioambiente.go.gov.br\/wp-content\/uploads\/2021\/09\/ATA-17a-Reuniao-ORDINARIA-2020.pdf\" data-type=\"URL\" data-id=\"https:\/\/cbhbois.meioambiente.go.gov.br\/wp-content\/uploads\/2021\/09\/ATA-17a-Reuniao-ORDINARIA-2020.pdf\" target=\"_blank\"><strong>ATA &#8211; 17\u00aa Reuni\u00e3o Ordin\u00e1ria <\/strong>&#8211; Leitura e aprova\u00e7\u00e3o da Ata da 16\u00ba Reuni\u00e3o Ordin\u00e1ria; Apresenta\u00e7\u00e3o do Sr. Marco Jos\u00e9 Melo Neves \u2014 Superintendente de Recursos H\u00eddricos e Saneamento SRH\/SEMAD e Sr. Og Ar\u00e3o Vieira Rubert \u2014 Gerente de Instrumento de Gest\u00e3o \u2014 GEIG\/SEMAD;&nbsp;<\/a><\/p>\n\n\n\n<p class=\"has-small-font-size\"><a rel=\"noreferrer noopener\" href=\"https:\/\/cbhbois.meioambiente.go.gov.br\/wp-content\/uploads\/2021\/09\/ATA-16a-Reuniao-ORDINARIA-2020.pdf\" data-type=\"URL\" data-id=\"https:\/\/cbhbois.meioambiente.go.gov.br\/wp-content\/uploads\/2021\/09\/ATA-16a-Reuniao-ORDINARIA-2020.pdf\" target=\"_blank\"><strong>ATA &#8211; 16\u00aa Reuni\u00e3o Ordin\u00e1ria<\/strong> &#8211; &nbsp;Apresenta\u00e7\u00e3o do Panorama das metasdo Pro comit\u00eas; Defini\u00e7\u00e3o e aprova\u00e7\u00e3o da agenda de reuni\u00f5es Ordin\u00e1rias; Cria\u00e7\u00e3o do GT Regimental; Reativa\u00e7\u00e3o do GT Plano de Bacia.;&nbsp; Cria\u00e7\u00e3o do GTA &#8211; Acompanhamento;&nbsp;<\/a> <\/p>\n<\/div><\/details><\/div>\n\n\n\n<div class=\"wp-block-atomic-blocks-ab-accordion ab-block-accordion\"><details><summary class=\"ab-accordion-title\">2019<\/summary><div class=\"ab-accordion-text\">\n<p class=\"has-small-font-size\"><a rel=\"noreferrer noopener\" href=\"https:\/\/cbhbois.meioambiente.go.gov.br\/wp-content\/uploads\/2021\/09\/ATA-15a-Reuniao-ORDINARIA-2019.pdf\" data-type=\"URL\" data-id=\"https:\/\/cbhbois.meioambiente.go.gov.br\/wp-content\/uploads\/2021\/09\/ATA-15a-Reuniao-ORDINARIA-2019.pdf\" target=\"_blank\"><strong>ATA &#8211; 15\u00aa Reuni\u00e3o Ordin\u00e1ria <\/strong>&#8211; Apresenta\u00e7\u00e3o e Delibera\u00e7\u00e3o CBH Bois que aprova as normas, procedimentos e crit\u00e9rios para o processo de escolha e indica\u00e7\u00e3o dos membros do Comit\u00ea da Bacia Hidrogr\u00e1fica do Rio dos Bois para a gest\u00e3o 2019-2023.<\/a><\/p>\n\n\n\n<p class=\"has-small-font-size\"><a rel=\"noreferrer noopener\" href=\"https:\/\/cbhbois.meioambiente.go.gov.br\/wp-content\/uploads\/2021\/09\/ATA-14a-Reuniao-ORDINARIA-2019.pdf\" data-type=\"URL\" data-id=\"https:\/\/cbhbois.meioambiente.go.gov.br\/wp-content\/uploads\/2021\/09\/ATA-14a-Reuniao-ORDINARIA-2019.pdf\" target=\"_blank\"><strong>ATA &#8211; 14\u00aa Reuni\u00e3o Ordin\u00e1ria<\/strong> &#8211; apresentou a solicita\u00e7\u00e3o da representante da Saneago em apresentar uma proposta de projeto para ser apreciada pelos membros para que possa concorrer com a verba da ABHA, referente ao Chamamento P\u00fablico 01\/2019 \u2014 Demanda Espont\u00e2nea.<\/a><\/p>\n\n\n\n<p class=\"has-small-font-size\"><a rel=\"noreferrer noopener\" href=\"https:\/\/cbhbois.meioambiente.go.gov.br\/wp-content\/uploads\/2021\/09\/ATA-13a-Reuniao-ORDINARIA-2019.pdf\" data-type=\"URL\" data-id=\"https:\/\/cbhbois.meioambiente.go.gov.br\/wp-content\/uploads\/2021\/09\/ATA-13a-Reuniao-ORDINARIA-2019.pdf\" target=\"_blank\"><strong>ATA &#8211; 13\u00aa Reuni\u00e3o Ordin\u00e1ria <\/strong>&#8211; Apresenta\u00e7\u00e3o do Relatorio T\u00e9cnico da SECIMA referente \u00e0 solicita\u00e7\u00e3o de aprova\u00e7\u00e3o da vaz\u00e3o espec\u00edfica do PARH para as regi\u00f5es 30 e 31 da UGH, Turvo e dos Bois e discuss\u00e3o da viabiliza\u00e7\u00e3o do Abastecimento p\u00fablico em Rio Verde (uso priorit\u00e1rio, outorga por Trecho a Saneago dos mananciais do Ribeir\u00e3o Ab\u00f3boras, Lage e Rio verdinho).<\/a><\/p>\n<\/div><\/details><\/div>\n\n\n\n<div class=\"wp-block-atomic-blocks-ab-accordion ab-block-accordion\"><details><summary class=\"ab-accordion-title\">2018<\/summary><div class=\"ab-accordion-text\">\n<p class=\"has-small-font-size\"><a rel=\"noreferrer noopener\" href=\"https:\/\/cbhbois.meioambiente.go.gov.br\/wp-content\/uploads\/2021\/09\/ATA-12a-Reuniao-ORDINARIA-2018.pdf\" data-type=\"URL\" data-id=\"https:\/\/cbhbois.meioambiente.go.gov.br\/wp-content\/uploads\/2021\/09\/ATA-12a-Reuniao-ORDINARIA-2018.pdf\" target=\"_blank\"><strong>ATA &#8211; 12\u00aa Reuni\u00e3o Ordin\u00e1ria <\/strong>&#8211; Solicita\u00e7\u00e3o da Saneago S.A, apresenta\u00e7\u00e3o da Nota T\u00e9cnica de disponibilidade H\u00eddrica e demanda para abastecimento p\u00fablico em Rio Verde solicitando aprova\u00e7\u00e3o da vaz\u00e3o espec\u00edfica do PARH para as regi\u00f5es 30 e 31 da UGH Turvo e dos Bois e discuss\u00e3o da viabiliza\u00e7\u00e3o do abastecimento p\u00fablico em Rio Verde e discuss\u00e3o da viabilidade do abastecimento p\u00fablico em Rio Verde.<\/a><\/p>\n\n\n\n<p class=\"has-small-font-size\"><a rel=\"noreferrer noopener\" href=\"https:\/\/cbhbois.meioambiente.go.gov.br\/wp-content\/uploads\/2021\/09\/ATA-11a-Reuniao-ORDINARIA-2018.pdf\" data-type=\"URL\" data-id=\"https:\/\/cbhbois.meioambiente.go.gov.br\/wp-content\/uploads\/2021\/09\/ATA-11a-Reuniao-ORDINARIA-2018.pdf\" target=\"_blank\"><strong>ATA &#8211; 11\u00aa Reuni\u00e3o Ordin\u00e1ria <\/strong>&#8211; Reestrutura\u00e7\u00e3o do Grupo de Trabalho do Plano de Bacia \u2014 GT PLANO DE BACIA.<\/a><\/p>\n\n\n\n<p class=\"has-small-font-size\"><a rel=\"noreferrer noopener\" href=\"https:\/\/cbhbois.meioambiente.go.gov.br\/wp-content\/uploads\/2021\/09\/ATA-10a-Reuniao-ORDINARIA-2018.pdf\" data-type=\"URL\" data-id=\"https:\/\/cbhbois.meioambiente.go.gov.br\/wp-content\/uploads\/2021\/09\/ATA-10a-Reuniao-ORDINARIA-2018.pdf\" target=\"_blank\"><strong>ATA &#8211; 10\u00aa Reuni\u00e3o Ordin\u00e1ria <\/strong>&#8211; &nbsp;Conflito de uso na Bacia entre o empreendimento Pequena Central Hidroel\u00e9trica Ponte de Pedra I e o Grupo Kayak Cerrado e Equipe de Canoagem Cabe\u00e7a Verde.<\/a><\/p>\n\n\n\n<p class=\"has-small-font-size\"><a rel=\"noreferrer noopener\" href=\"https:\/\/cbhbois.meioambiente.go.gov.br\/wp-content\/uploads\/2021\/09\/ATA-9a-Reuniao-ORDINARIA-2018.pdf\" data-type=\"URL\" data-id=\"https:\/\/cbhbois.meioambiente.go.gov.br\/wp-content\/uploads\/2021\/09\/ATA-9a-Reuniao-ORDINARIA-2018.pdf\" target=\"_blank\"><strong>ATA &#8211; 9\u00aa Reuni\u00e3o Ordin\u00e1ria<\/strong> &#8211; &nbsp;Indica\u00e7\u00e3o de membros para a composi\u00e7\u00e3o do F\u00f3rum Goiano; Apresenta\u00e7\u00e3o do Processo Eleitoral do CBH Parana\u00edba;&nbsp;<\/a> <\/p>\n<\/div><\/details><\/div>\n\n\n\n<div class=\"wp-block-atomic-blocks-ab-accordion ab-block-accordion\"><details><summary class=\"ab-accordion-title\">2017<\/summary><div class=\"ab-accordion-text\">\n<p class=\"has-small-font-size\"><a rel=\"noreferrer noopener\" href=\"https:\/\/cbhbois.meioambiente.go.gov.br\/wp-content\/uploads\/2021\/09\/ATA-8a-Reuniao-ORDINARIA-2017.pdf\" data-type=\"URL\" data-id=\"https:\/\/cbhbois.meioambiente.go.gov.br\/wp-content\/uploads\/2021\/09\/ATA-8a-Reuniao-ORDINARIA-2017.pdf\" target=\"_blank\"><strong>ATA &#8211; 8\u00aa Reuni\u00e3o Ordin\u00e1ria<\/strong> &#8211; Deliberar altera\u00e7\u00e3o no Regimento Intemo: de uma reuni\u00e3o para duas reuni\u00f5es ordin\u00e1rias por semestre e a composi\u00e7\u00e3o da Diretoria;&nbsp; Sr. Reginaldo menciona sobre o fortalecimento dos CBHs afluentes do Rio Parana\u00edba, informando a cria\u00e7\u00e3o do GT Integra\u00e7\u00e3o do CBH Parana\u00edba;&nbsp;<\/a><\/p>\n\n\n\n<p class=\"has-small-font-size\"><a rel=\"noreferrer noopener\" href=\"https:\/\/cbhbois.meioambiente.go.gov.br\/wp-content\/uploads\/2021\/09\/ATA-7a-Reuniao-ORDINARIA-2017.pdf\" data-type=\"URL\" data-id=\"https:\/\/cbhbois.meioambiente.go.gov.br\/wp-content\/uploads\/2021\/09\/ATA-7a-Reuniao-ORDINARIA-2017.pdf\" target=\"_blank\"><strong>ATA &#8211; 7\u00aa Reuni\u00e3o Ordin\u00e1ria <\/strong>&#8211; &nbsp;breve relato sobre o resultado da 50 reuni\u00e3o de GT do Integra\u00e7\u00e3o, na sequ\u00eancia fez a apresenta\u00e7\u00e3o do projeto do CBH Paranaiba, atrav\u00e9s da ABHA;&nbsp;<\/a><\/p>\n\n\n\n<p class=\"has-small-font-size\"><a rel=\"noreferrer noopener\" href=\"https:\/\/cbhbois.meioambiente.go.gov.br\/wp-content\/uploads\/2021\/09\/ATA-6a-Reuniao-ORDINARIA-2017.pdf\" data-type=\"URL\" data-id=\"https:\/\/cbhbois.meioambiente.go.gov.br\/wp-content\/uploads\/2021\/09\/ATA-6a-Reuniao-ORDINARIA-2017.pdf\" target=\"_blank\"><strong>ATA &#8211; 6\u00aa Reuni\u00e3o Ordin\u00e1ria <\/strong>&#8211; Leitura e aprova\u00e7\u00e3o da Ata da 5a Reuni\u00e3o Ordin\u00e1ria do BH Boi; Apresenta\u00e7\u00e3o das Diretrizes e processo da elabora\u00e7\u00e3o do Plano de Bacia; Elei\u00e7\u00e3o de Diretoria o CBH Bois;&nbsp;<\/a> <\/p>\n<\/div><\/details><\/div>\n\n\n\n<div class=\"wp-block-atomic-blocks-ab-accordion ab-block-accordion\"><details><summary class=\"ab-accordion-title\">2016<\/summary><div class=\"ab-accordion-text\">\n<p>ATA &#8211; 002<\/p>\n<\/div><\/details><\/div>\n<\/div><\/details><\/div>\n\n\n\n<div class=\"wp-block-atomic-blocks-ab-accordion ab-block-accordion\"><details><summary class=\"ab-accordion-title\">Extraordin\u00e1rias<\/summary><div class=\"ab-accordion-text\">\n<div class=\"wp-block-atomic-blocks-ab-accordion ab-block-accordion\"><details><summary class=\"ab-accordion-title\">2025<\/summary><div class=\"ab-accordion-text\">\n<p class=\"has-small-font-size\"><a href=\"https:\/\/cbhbois.meioambiente.go.gov.br\/wp-content\/uploads\/2026\/01\/ATA-Reuniao-Conjunta-15a-Reuniao-Extraordinaria-do-CBH-Bois.pdf\" data-type=\"link\" data-id=\"https:\/\/cbhbois.meioambiente.go.gov.br\/wp-content\/uploads\/2026\/01\/ATA-Reuniao-Conjunta-15a-Reuniao-Extraordinaria-do-CBH-Bois.pdf\"><strong>ATA &#8211; 15\u00aa Reuni\u00e3o Extraordin\u00e1ria <\/strong>&#8211; Apresenta\u00e7\u00e3o das etapas,envolvimento e participa\u00e7\u00e3o dos comit\u00eas goianos no processo de atualiza\u00e7\u00e3o do plano integrado de recursos h\u00eddricos do Parana\u00edba<\/a><\/p>\n\n\n\n<p class=\"has-small-font-size\"><a href=\"https:\/\/cbhbois.meioambiente.go.gov.br\/wp-content\/uploads\/2026\/01\/ATA-14a-Reuniao-Extraordinaria-CBH-Bois.pdf\" data-type=\"link\" data-id=\"https:\/\/cbhbois.meioambiente.go.gov.br\/wp-content\/uploads\/2026\/01\/ATA-14a-Reuniao-Extraordinaria-CBH-Bois.pdf\"><strong>ATA &#8211; 14\u00aa Reuni\u00e3o Extraordin\u00e1ria <\/strong>&#8211; Apresenta\u00e7\u00e3o e discuss\u00e3o das Alternativas de Enquadramento e Plano de A\u00e7\u00e3o do Plano Integrado de Recursos H\u00eddricos da Bacia Hidrogr\u00e1fica do Rio Parana\u00edba (PIRH Parana\u00edba) &#8211; Cons\u00f3rcio Engecorps-Profill<\/a><\/p>\n\n\n\n<p class=\"has-small-font-size\"><\/p>\n\n\n\n<p class=\"has-small-font-size\"><\/p>\n<\/div><\/details><\/div>\n\n\n\n<div class=\"wp-block-atomic-blocks-ab-accordion ab-block-accordion\"><details><summary class=\"ab-accordion-title\">2024<\/summary><div class=\"ab-accordion-text\">\n<p class=\"has-small-font-size\"><a href=\"https:\/\/cbhbois.meioambiente.go.gov.br\/wp-content\/uploads\/2024\/12\/ATA-12a-REUNIAO-EXTRAORDINARIA-CBH-BOIS.pdf\" data-type=\"link\" data-id=\"https:\/\/cbhbois.meioambiente.go.gov.br\/wp-content\/uploads\/2024\/12\/ATA-12a-REUNIAO-EXTRAORDINARIA-CBH-BOIS.pdf\"><strong>ATA &#8211; 12\u00aa Reuni\u00e3o Extraordin\u00e1ria <\/strong>-Oficina de Avalia\u00e7\u00e3o da Implementa\u00e7\u00e3o do Plano de Bacia do rio dos Bois. <\/a><\/p>\n\n\n\n<p class=\"has-small-font-size\"><\/p>\n<\/div><\/details><\/div>\n\n\n\n<div class=\"wp-block-atomic-blocks-ab-accordion ab-block-accordion\"><details><summary class=\"ab-accordion-title\">2023<\/summary><div class=\"ab-accordion-text\">\n<p class=\"has-small-font-size\"><a href=\"https:\/\/cbhbois.meioambiente.go.gov.br\/wp-content\/uploads\/2024\/10\/MINUTA_11a_RE_CBH_BOIS.pdf\" data-type=\"link\" data-id=\"https:\/\/cbhbois.meioambiente.go.gov.br\/wp-content\/uploads\/2024\/10\/MINUTA_11a_RE_CBH_BOIS.pdf\"><strong>ATA &#8211; 11\u00aa Reuni\u00e3o Extraordin\u00e1ria <\/strong>&#8211; Apresenta\u00e7\u00e3o do Subsecret\u00e1rio de Biodiversidade, Unidades de Conserva\u00e7\u00e3o, Seguran\u00e7a H\u00eddrica e Saneamento &#8211; Jorge Enoch Furquim Werneck Lima: Apresenta\u00e7\u00e3o, aprecia\u00e7\u00e3o e aprova\u00e7\u00e3o da minuta de Delibera\u00e7\u00e3o sobre Normas e Procedimentos para a escolha e indica\u00e7\u00e3o dos membros do Comit\u00ea da Bacia Hidrogr\u00e1fica do Rio dos Bois para a gest\u00e3o 2023-2027: Apresenta\u00e7\u00e3o do Decreto da cobran\u00e7a &#8211; Jo\u00e3o Ricardo Raiser \u2013 SEMAD:<\/a><\/p>\n<\/div><\/details><\/div>\n\n\n\n<div class=\"wp-block-atomic-blocks-ab-accordion ab-block-accordion\"><details><summary class=\"ab-accordion-title\">2022<\/summary><div class=\"ab-accordion-text\">\n<p class=\"has-small-font-size\"><a rel=\"noreferrer noopener\" href=\"https:\/\/cbhbois.meioambiente.go.gov.br\/wp-content\/uploads\/2022\/09\/ATA-10o-Extraordinaria-16.02.22-Bois.pdf\" data-type=\"URL\" data-id=\"https:\/\/cbhbois.meioambiente.go.gov.br\/wp-content\/uploads\/2022\/09\/ATA-10o-Extraordinaria-16.02.22-Bois.pdf\" target=\"_blank\"><strong>ATA &#8211; 10\u00aa Reuni\u00e3o Extraordin\u00e1ria <\/strong>&#8211; Abertura Da Sess\u00e3o e verifica\u00e7\u00e3o de qu\u00f3rum; Aprova\u00e7\u00e3o da Agenda de Reuni\u00f5es ordin\u00e1rias 2022; Aprova\u00e7\u00e3o da minuta de Delibera\u00e7\u00e3o do enquadramento dos Corpos de \u00c1gua da UPGRH do Rio dos Bois; informes gerais; encerramento.<\/a><\/p>\n\n\n\n<p class=\"has-small-font-size\"><a rel=\"noreferrer noopener\" href=\"https:\/\/cbhbois.meioambiente.go.gov.br\/wp-content\/uploads\/2022\/09\/ATA-9o-Extraordinaria-10.02.22-Bois.pdf\" data-type=\"URL\" data-id=\"https:\/\/cbhbois.meioambiente.go.gov.br\/wp-content\/uploads\/2022\/09\/ATA-9o-Extraordinaria-10.02.22-Bois.pdf\" target=\"_blank\"><strong>ATA &#8211; 9\u00aa Reuni\u00e3o Extraordin\u00e1ria<\/strong> &#8211; Aberturada Sess\u00e3o e verifica\u00e7\u00e3o de qu\u00f3rum; Aprova\u00e7\u00e3o da Ata 23a da Reuni\u00e3o Ordin\u00e1ria do Rio dos Bois; Apresenta\u00e7\u00e3o do Produto 7 e 8; informes gerais, encerramento.<\/a><\/p>\n<\/div><\/details><\/div>\n\n\n\n<div class=\"wp-block-atomic-blocks-ab-accordion ab-block-accordion\"><details><summary class=\"ab-accordion-title\">2021<\/summary><div class=\"ab-accordion-text\">\n<p class=\"has-small-font-size\"><a rel=\"noreferrer noopener\" href=\"https:\/\/cbhbois.meioambiente.go.gov.br\/wp-content\/uploads\/2022\/09\/ATA-8a-Reuniao-EXTRAORDINARIA-2021.pdf\" data-type=\"URL\" data-id=\"https:\/\/cbhbois.meioambiente.go.gov.br\/wp-content\/uploads\/2022\/09\/ATA-8a-Reuniao-EXTRAORDINARIA-2021.pdf\" target=\"_blank\"><strong>ATA &#8211; 8\u00aa Reuni\u00e3o Extraordin\u00e1ria<\/strong> &#8211; Aberturada Sess\u00e3o e verifica\u00e7\u00e3o de qu\u00f3rum; Aprova\u00e7\u00e3o da Ata da 22a Reuni\u00e3o Ordin\u00e1ria do CBH Bois; Apresenta\u00e7\u00e3o da BRF S.A. referente ao Plano de a\u00e7\u00f5es e considera\u00e7\u00f5es acerca das restri\u00e7\u00f5es de uso atribu\u00eddas na Delibera\u00e7\u00e3o 018\/2021 do Comit\u00ea de Bacia Hidrogr\u00e1fica do Rio dos Bois;&nbsp; informes gerais, encerramento.<\/a><\/p>\n\n\n\n<p class=\"has-small-font-size\"><a rel=\"noreferrer noopener\" href=\"https:\/\/cbhbois.meioambiente.go.gov.br\/wp-content\/uploads\/2022\/09\/ATA-7a-Reuniao-EXTRAORDINARIA-2021.pdf\" data-type=\"URL\" data-id=\"https:\/\/cbhbois.meioambiente.go.gov.br\/wp-content\/uploads\/2022\/09\/ATA-7a-Reuniao-EXTRAORDINARIA-2021.pdf\" target=\"_blank\"><strong>ATA &#8211; 7\u00aa Reuni\u00e3o Extraordin\u00e1ria<\/strong> &#8211; &nbsp;Aberturada Sess\u00e3o e verifica\u00e7\u00e3o de qu\u00f3rum; Reativa\u00e7\u00e3o do GT Conflito de Uso Rio Ponte de Pedra: Aproveitamento Hidrel\u00e9trico e Canoagem; Aprova\u00e7\u00e3o da Ata da 6a Reuni\u00e3o Extraordin\u00e1ria do CBH Bois; Aprova\u00e7\u00e3o da Minuta de Delibera\u00e7\u00e3o que estabelece diretrizes e crit\u00e9rios gerais para a defini\u00e7\u00e3o de situa\u00e7\u00e3o cr\u00edtica de escassez h\u00eddrica e estado de restri\u00e7\u00e3o de uso de recursos h\u00eddricos superficiais na bacia hidrogr\u00e1fica do Ribeir\u00e3o Ab\u00f3boras na UPGRH Bois;&nbsp; informes gerais, encerramento.<\/a><\/p>\n\n\n\n<p class=\"has-small-font-size\"><a rel=\"noreferrer noopener\" href=\"https:\/\/cbhbois.meioambiente.go.gov.br\/wp-content\/uploads\/2022\/01\/Ata-6-Reuniao-EXTRAORDINARIA-2021.pdf\" data-type=\"URL\" data-id=\"https:\/\/cbhbois.meioambiente.go.gov.br\/wp-content\/uploads\/2022\/01\/Ata-6-Reuniao-EXTRAORDINARIA-2021.pdf\" target=\"_blank\"><strong>ATA &#8211; 6\u00aa Reuni\u00e3o Extraordin\u00e1ria<\/strong> &#8211; &nbsp;Aberturada Sess\u00e3o e verifica\u00e7\u00e3o de qu\u00f3rum; Aprova\u00e7\u00e3o da Ata da 21a Reuni\u00e3o Ordin\u00e1ria do CBH Bois; Minuta da Cria\u00e7\u00e3o da GT de Cobran\u00e7a; Apresenta\u00e7\u00e3o da nova Equipe da Secretaria Executiva; Apresenta\u00e7\u00e3o do relat\u00f3rio do GTA; informes gerais, encerramento.<\/a><\/p>\n\n\n\n<p class=\"has-small-font-size\"><a rel=\"noreferrer noopener\" href=\"https:\/\/cbhbois.meioambiente.go.gov.br\/wp-content\/uploads\/2021\/09\/ATA-5a-Reuniao-EXTRAORDINARIA-2021.pdf\" data-type=\"URL\" data-id=\"https:\/\/cbhbois.meioambiente.go.gov.br\/wp-content\/uploads\/2021\/09\/ATA-5a-Reuniao-EXTRAORDINARIA-2021.pdf\" target=\"_blank\"><strong>ATA &#8211; 5\u00aa Reuni\u00e3o Extraordin\u00e1ria<\/strong> &#8211; &nbsp;Aberturada Sess\u00e3o e verifica\u00e7\u00e3o de qu\u00f3rum; Apresenta\u00e7\u00e3o do Produto 4 Programas, Diretrizes e Metas &#8211; Atualiza\u00e7\u00e3o do Plano de A\u00e7\u00f5es da UPGRH do Rio dos Bois; encerramento.<\/a><\/p>\n<\/div><\/details><\/div>\n\n\n\n<div class=\"wp-block-atomic-blocks-ab-accordion ab-block-accordion\"><details><summary class=\"ab-accordion-title\">2020<\/summary><div class=\"ab-accordion-text\">\n<p class=\"has-small-font-size\"><a rel=\"noreferrer noopener\" href=\"https:\/\/cbhbois.meioambiente.go.gov.br\/wp-content\/uploads\/2021\/09\/ATA-4a-Reuniao-EXTRAORDINARIA-2020.pdf\" data-type=\"URL\" data-id=\"https:\/\/cbhbois.meioambiente.go.gov.br\/wp-content\/uploads\/2021\/09\/ATA-4a-Reuniao-EXTRAORDINARIA-2020.pdf\" target=\"_blank\"><strong>ATA &#8211; 4\u00aa Reuni\u00e3o Extraordin\u00e1ria <\/strong>&#8211; Apresenta\u00e7\u00e3o do Diagn\u00f3stico do Plano da Bacia Hidrogr\u00e1fica dos Rios Turvo e dos Bois, que ser\u00e1 realizado pela Funda\u00e7\u00e3o de Apoio \u00e0 Pesquisa da Universidade Federal de Goi\u00e1s \u2014 FUNAPE\/UFG, empresa contratada para a elabora\u00e7\u00e3o do plano de bacias;<\/a> <\/p>\n<\/div><\/details><\/div>\n\n\n\n<div class=\"wp-block-atomic-blocks-ab-accordion ab-block-accordion\"><details><summary class=\"ab-accordion-title\">2019<\/summary><div class=\"ab-accordion-text\">\n<p class=\"has-small-font-size\"><a rel=\"noreferrer noopener\" href=\"https:\/\/cbhbois.meioambiente.go.gov.br\/wp-content\/uploads\/2021\/09\/ATA-3a-Reuniao-EXTRAORDINARIA-2019.pdf\" data-type=\"URL\" data-id=\"https:\/\/cbhbois.meioambiente.go.gov.br\/wp-content\/uploads\/2021\/09\/ATA-3a-Reuniao-EXTRAORDINARIA-2019.pdf\" target=\"_blank\"><strong>ATA &#8211; 3\u00aa Reuni\u00e3o Extraordin\u00e1ria <\/strong>&#8211; Apresenta\u00e7\u00e3o do Relat\u00f3rio Final do GT Ab\u00f3boras e Lages, na seq\u00fc\u00eancia passou a palavra ao Sr. Carlos representante da Prefeitura Municipal de Rio Verde que realizou a apresenta\u00e7\u00e3o dos dados da atual situa\u00e7\u00e3o dos mananciais de abastecimento e demonstrou que no manancial do Ribeir\u00e3o Ab\u00f3boras somente as empresas Saneago, BRF S.A;<\/a><\/p>\n<\/div><\/details><\/div>\n\n\n\n<div class=\"wp-block-atomic-blocks-ab-accordion ab-block-accordion\"><details><summary class=\"ab-accordion-title\">2017<\/summary><div class=\"ab-accordion-text\">\n<p class=\"has-small-font-size\"><strong><a rel=\"noreferrer noopener\" href=\"https:\/\/cbhbois.meioambiente.go.gov.br\/wp-content\/uploads\/2021\/09\/ATA-1a-Reuniao-EXTRAORDINARIA-2017.pdf\" data-type=\"URL\" data-id=\"https:\/\/cbhbois.meioambiente.go.gov.br\/wp-content\/uploads\/2021\/09\/ATA-1a-Reuniao-EXTRAORDINARIA-2017.pdf\" target=\"_blank\">ATA &#8211; 1\u00aa Reuni\u00e3o Extraordin\u00e1ria<\/a><\/strong><a rel=\"noreferrer noopener\" href=\"https:\/\/cbhbois.meioambiente.go.gov.br\/wp-content\/uploads\/2021\/09\/ATA-1a-Reuniao-EXTRAORDINARIA-2017.pdf\" data-type=\"URL\" data-id=\"https:\/\/cbhbois.meioambiente.go.gov.br\/wp-content\/uploads\/2021\/09\/ATA-1a-Reuniao-EXTRAORDINARIA-2017.pdf\" target=\"_blank\"> &#8211; Deliberar o Termo de Refer\u00eancia;&nbsp;<\/a><\/p>\n<\/div><\/details><\/div>\n<\/div><\/details><\/div>\n\n\n\n<p><\/p>\n","protected":false},"excerpt":{"rendered":"","protected":false},"author":2,"featured_media":0,"parent":0,"menu_order":0,"comment_status":"closed","ping_status":"closed","template":"general-template.php","meta":{"footnotes":""},"class_list":["post-58","page","type-page","status-publish","hentry"],"featured_image_src":null,"featured_image_src_square":null,"jetpack_sharing_enabled":true,"_links":{"self":[{"href":"https:\/\/cbhbois.meioambiente.go.gov.br\/index.php?rest_route=\/wp\/v2\/pages\/58","targetHints":{"allow":["GET"]}}],"collection":[{"href":"https:\/\/cbhbois.meioambiente.go.gov.br\/index.php?rest_route=\/wp\/v2\/pages"}],"about":[{"href":"https:\/\/cbhbois.meioambiente.go.gov.br\/index.php?rest_route=\/wp\/v2\/types\/page"}],"author":[{"embeddable":true,"href":"https:\/\/cbhbois.meioambiente.go.gov.br\/index.php?rest_route=\/wp\/v2\/users\/2"}],"replies":[{"embeddable":true,"href":"https:\/\/cbhbois.meioambiente.go.gov.br\/index.php?rest_route=%2Fwp%2Fv2%2Fcomments&post=58"}],"version-history":[{"count":52,"href":"https:\/\/cbhbois.meioambiente.go.gov.br\/index.php?rest_route=\/wp\/v2\/pages\/58\/revisions"}],"predecessor-version":[{"id":1130,"href":"https:\/\/cbhbois.meioambiente.go.gov.br\/index.php?rest_route=\/wp\/v2\/pages\/58\/revisions\/1130"}],"wp:attachment":[{"href":"https:\/\/cbhbois.meioambiente.go.gov.br\/index.php?rest_route=%2Fwp%2Fv2%2Fmedia&parent=58"}],"curies":[{"name":"wp","href":"https:\/\/api.w.org\/{rel}","templated":true}]}}