{"id":54,"date":"2021-09-08T14:47:09","date_gmt":"2021-09-08T17:47:09","guid":{"rendered":"https:\/\/cbhbois.meioambiente.go.gov.br\/?page_id=54"},"modified":"2026-02-09T14:28:58","modified_gmt":"2026-02-09T17:28:58","slug":"deliberacoes","status":"publish","type":"page","link":"https:\/\/cbhbois.meioambiente.go.gov.br\/?page_id=54","title":{"rendered":"Delibera\u00e7\u00f5es"},"content":{"rendered":"\n<div class=\"wp-block-atomic-blocks-ab-accordion ab-block-accordion\"><details><summary class=\"ab-accordion-title\">2025<\/summary><div class=\"ab-accordion-text\">\n<p><a href=\"https:\/\/cbhbois.meioambiente.go.gov.br\/wp-content\/uploads\/2025\/04\/Deliberacao_024_2025_CBH-Bois_Aprova-PAP_20_02_25-corrigido.pdf\" data-type=\"link\" data-id=\"https:\/\/cbhbois.meioambiente.go.gov.br\/wp-content\/uploads\/2025\/04\/Deliberacao_024_2025_CBH-Bois_Aprova-PAP_20_02_25-corrigido.pdf\">Delibera\u00e7\u00e3o 025 &#8211; 2025 &#8211; Aprova o Plano de Aplica\u00e7\u00e3o Plurianual (PAP) dos recursos origin\u00e1rios da cobran\u00e7a pelo uso de recursos h\u00eddricos na Bacia Hidrogr\u00e1fica do Rio dos Bois, para o exerc\u00edcio de 2025 a 2027.<\/a><\/p>\n<\/div><\/details><\/div>\n\n\n\n<div class=\"wp-block-atomic-blocks-ab-accordion ab-block-accordion\"><details><summary class=\"ab-accordion-title\">2024<\/summary><div class=\"ab-accordion-text\">\n<p><a href=\"https:\/\/cbhbois.meioambiente.go.gov.br\/wp-content\/uploads\/2024\/07\/Deliberacao-024-CBH-Bois-Aprova-Proposta-de-Alteracao-nos-Mecanismos-de-Cobranca-pelo-Uso.pdf\" data-type=\"link\" data-id=\"https:\/\/cbhbois.meioambiente.go.gov.br\/wp-content\/uploads\/2024\/07\/Deliberacao-024-CBH-Bois-Aprova-Proposta-de-Alteracao-nos-Mecanismos-de-Cobranca-pelo-Uso.pdf\" target=\"_blank\" rel=\"noreferrer noopener\">Delibera\u00e7\u00e3o 024 &#8211; 2024 &#8211; Aprova a proposta de altera\u00e7\u00e3o dos mecanismos de cobran\u00e7a pelo uso dos recursos h\u00eddricos na Bacia Hidrogr\u00e1fica do Rio dos Bois.<\/a><\/p>\n<\/div><\/details><\/div>\n\n\n\n<div class=\"wp-block-atomic-blocks-ab-accordion ab-block-accordion\"><details><summary class=\"ab-accordion-title\">2023<\/summary><div class=\"ab-accordion-text\">\n<p><a href=\"https:\/\/cbhbois.meioambiente.go.gov.br\/wp-content\/uploads\/2023\/09\/Deliberacao-023-2023-CBH-BOIS-Processo-eleitoral-2023-2027.pdf\" data-type=\"link\" data-id=\"https:\/\/cbhbois.meioambiente.go.gov.br\/wp-content\/uploads\/2023\/09\/Deliberacao-023-2023-CBH-BOIS-Processo-eleitoral-2023-2027.pdf\">Delibera\u00e7\u00e3o 023 &#8211; 2023 &#8211; CBH BOIS Processo eleitoral 2023-2027<\/a><\/p>\n\n\n\n<p><a href=\"https:\/\/cbhbois.meioambiente.go.gov.br\/wp-content\/uploads\/2023\/08\/Deliberacao-022-2023-GT-Acompanhamento-Paranaiba_CBH-BOIS.pdf\">Delibera\u00e7\u00e3o 022 &#8211; 2023 &#8211; Aprova a cria\u00e7\u00e3o do Grupo de Trabalho de Acompanhamento da Revis\u00e3o do Plano de Recursos H\u00eddricos e Enquadramento<\/a><\/p>\n\n\n\n<p><a href=\"https:\/\/cbhbois.meioambiente.go.gov.br\/wp-content\/uploads\/2023\/08\/Deliberacao-021-2023-GT-Conflito-Ponte-de-Pedra_CBH-Bois.pdf\" data-type=\"link\" data-id=\"https:\/\/cbhbois.meioambiente.go.gov.br\/wp-content\/uploads\/2023\/08\/Deliberacao-021-2023-GT-Conflito-Ponte-de-Pedra_CBH-Bois.pdf\">Delibera\u00e7\u00e3o 021 &#8211; 2023 &#8211; Aprova a cria\u00e7\u00e3o do Grupo de Trabalho Ponte de Pedra no \u00e2mbito do CBH Bois<\/a> <\/p>\n<\/div><\/details><\/div>\n\n\n\n<div class=\"wp-block-atomic-blocks-ab-accordion ab-block-accordion\"><details><summary class=\"ab-accordion-title\">2022<\/summary><div class=\"ab-accordion-text\">\n<p><a href=\"https:\/\/cbhbois.meioambiente.go.gov.br\/wp-content\/uploads\/2022\/11\/Deliberacao-020-2022-Aprova-a-revogacao-do-Art-2o-da-Deliberacao-.pdf\" data-type=\"URL\" data-id=\"https:\/\/cbhbois.meioambiente.go.gov.br\/wp-content\/uploads\/2022\/11\/Deliberacao-020-2022-Aprova-a-revogacao-do-Art-2o-da-Deliberacao-.pdf\" target=\"_blank\" rel=\"noreferrer noopener\">Delibera\u00e7\u00e3o 020 &#8211; 2022 &#8211; Aprova a revoga\u00e7\u00e3o do Art. 2\u00ba da Delibera\u00e7\u00e3o 05\/2017<\/a><\/p>\n\n\n\n<p><a rel=\"noreferrer noopener\" href=\"https:\/\/cbhbois.meioambiente.go.gov.br\/wp-content\/uploads\/2022\/03\/Deliberacao-019-2022-Aprova-a-proposta-de-Enquadramento.pdf\" data-type=\"URL\" data-id=\"https:\/\/cbhbois.meioambiente.go.gov.br\/wp-content\/uploads\/2022\/03\/Deliberacao-019-2022-Aprova-a-proposta-de-Enquadramento.pdf\" target=\"_blank\">Delibera\u00e7\u00e3o 019 &#8211; 2022 &#8211; Aprova a proposta de Enquadramento<\/a><\/p>\n<\/div><\/details><\/div>\n\n\n\n<div class=\"wp-block-atomic-blocks-ab-accordion ab-block-accordion\"><details><summary class=\"ab-accordion-title\">2021<\/summary><div class=\"ab-accordion-text\">\n<p><a href=\"https:\/\/cbhbois.meioambiente.go.gov.br\/wp-content\/uploads\/2022\/11\/Deliberacao-018-2021-Escassez-Hidrica-Abobora.pdf\" data-type=\"URL\" data-id=\"https:\/\/cbhbois.meioambiente.go.gov.br\/wp-content\/uploads\/2022\/11\/Deliberacao-018-2021-Escassez-Hidrica-Abobora.pdf\" target=\"_blank\" rel=\"noreferrer noopener\">Delibera\u00e7\u00e3o 018 -2021 &#8211; Escassez Hidrica Ab\u00f3bora<\/a><\/p>\n\n\n\n<p><a href=\"https:\/\/cbhbois.meioambiente.go.gov.br\/wp-content\/uploads\/2022\/01\/Deliberacao-017-2021-Aprovacao-do-Plano-de-Bacia.pdf\" data-type=\"URL\" data-id=\"https:\/\/cbhbois.meioambiente.go.gov.br\/wp-content\/uploads\/2022\/01\/Deliberacao-017-2021-Aprovacao-do-Plano-de-Bacia.pdf\" target=\"_blank\" rel=\"noreferrer noopener\">Delibera\u00e7\u00e3o 017 &#8211; 2021 &#8211; Aprova\u00e7\u00e3o do Plano de Bacia<\/a><\/p>\n\n\n\n<p><a rel=\"noreferrer noopener\" href=\"https:\/\/cbhbois.meioambiente.go.gov.br\/wp-content\/uploads\/2021\/09\/Deliberacao-016-2021-Institui-o-GT-Cobranca-Estudo-de-viabilidade.pdf\" data-type=\"URL\" data-id=\"https:\/\/cbhbois.meioambiente.go.gov.br\/wp-content\/uploads\/2021\/09\/Deliberacao-016-2021-Institui-o-GT-Cobranca-Estudo-de-viabilidade.pdf\" target=\"_blank\">Delibera\u00e7\u00e3o 016 &#8211; 2021 &#8211; Institui o GT Cobran\u00e7a &#8211; Estudo de viabilidade<\/a><\/p>\n\n\n\n<p><a href=\"https:\/\/cbhbois.meioambiente.go.gov.br\/wp-content\/uploads\/2021\/09\/Deliberacao-015-2021-Institui-o-GTA-de-alocacao-de-agua-Rio-Verdinho-e-Ribeiroes.pdf\" data-type=\"URL\" data-id=\"https:\/\/cbhbois.meioambiente.go.gov.br\/wp-content\/uploads\/2021\/09\/Deliberacao-015-2021-Institui-o-GTA-de-alocacao-de-agua-Rio-Verdinho-e-Ribeiroes.pdf\" target=\"_blank\" rel=\"noreferrer noopener\">Delibera\u00e7\u00e3o 015 &#8211; 2021 &#8211; Institui o GTA de aloca\u00e7\u00e3o de \u00e1gua Rio Verdinho e Ribeir\u00f5es<\/a><\/p>\n<\/div><\/details><\/div>\n\n\n\n<div class=\"wp-block-atomic-blocks-ab-accordion ab-block-accordion\"><details><summary class=\"ab-accordion-title\">2020<\/summary><div class=\"ab-accordion-text\">\n<p><a href=\"https:\/\/cbhbois.meioambiente.go.gov.br\/wp-content\/uploads\/2021\/09\/Deliberacao-014-2020-Institui-o-GT-do-Plano-de-Bacia.pdf\" data-type=\"URL\" data-id=\"https:\/\/cbhbois.meioambiente.go.gov.br\/wp-content\/uploads\/2021\/09\/Deliberacao-014-2020-Institui-o-GT-do-Plano-de-Bacia.pdf\" target=\"_blank\" rel=\"noreferrer noopener\">Deliberacao 014 &#8211; 2020 &#8211; Institui o GT do Plano de Bacia<\/a><\/p>\n\n\n\n<p><a href=\"https:\/\/cbhbois.meioambiente.go.gov.br\/wp-content\/uploads\/2021\/09\/Deliberacao-013-2020-Instutui-o-GTA-dos-Ribeiroes-Abobora-Lage-e-Rio-Verdinho.pdf\" data-type=\"URL\" data-id=\"https:\/\/cbhbois.meioambiente.go.gov.br\/wp-content\/uploads\/2021\/09\/Deliberacao-013-2020-Instutui-o-GTA-dos-Ribeiroes-Abobora-Lage-e-Rio-Verdinho.pdf\" target=\"_blank\" rel=\"noreferrer noopener\">Delibera\u00e7\u00e3o 013 &#8211; 2020 &#8211; Instutui o GTA dos Ribeir\u00f5es Ab\u00f3bora, Lage e Rio Verdinho<\/a><\/p>\n\n\n\n<p><a href=\"https:\/\/cbhbois.meioambiente.go.gov.br\/wp-content\/uploads\/2021\/09\/Deliberacao-012-2020-GT-Revisao-Regimental.pdf\" data-type=\"URL\" data-id=\"https:\/\/cbhbois.meioambiente.go.gov.br\/wp-content\/uploads\/2021\/09\/Deliberacao-012-2020-GT-Revisao-Regimental.pdf\" target=\"_blank\" rel=\"noreferrer noopener\">Delibera\u00e7\u00e3o 012 &#8211; 2020 &#8211; GT Revis\u00e3o Regimental<\/a><\/p>\n<\/div><\/details><\/div>\n\n\n\n<div class=\"wp-block-atomic-blocks-ab-accordion ab-block-accordion\"><details><summary class=\"ab-accordion-title\">2019<\/summary><div class=\"ab-accordion-text\">\n<p><a href=\"https:\/\/cbhbois.meioambiente.go.gov.br\/wp-content\/uploads\/2021\/09\/Deliberacao-011-2019-Define-alocacao-de-uso-da-agua-na-bacia-hidrografica-do-Rio-Verdinho.pdf\" data-type=\"URL\" data-id=\"https:\/\/cbhbois.meioambiente.go.gov.br\/wp-content\/uploads\/2021\/09\/Deliberacao-011-2019-Define-alocacao-de-uso-da-agua-na-bacia-hidrografica-do-Rio-Verdinho.pdf\" target=\"_blank\" rel=\"noreferrer noopener\">Delibera\u00e7\u00e3o 011 &#8211; 2019 &#8211; Define aloca\u00e7\u00e3o de uso da \u00e1gua na bacia hidrogr\u00e1fica do Rio Verdinho<\/a><\/p>\n\n\n\n<p><a href=\"https:\/\/cbhbois.meioambiente.go.gov.br\/wp-content\/uploads\/2021\/09\/Deliberacao-010-2019-Aprova-a-vazao-especifica-da-Estacao-Fluviometrica.pdf\" data-type=\"URL\" data-id=\"https:\/\/cbhbois.meioambiente.go.gov.br\/wp-content\/uploads\/2021\/09\/Deliberacao-010-2019-Aprova-a-vazao-especifica-da-Estacao-Fluviometrica.pdf\" target=\"_blank\" rel=\"noreferrer noopener\">Delibera\u00e7\u00e3o 010 &#8211; 2019 &#8211; Aprova a vaz\u00e3o especifica da Esta\u00e7\u00e3o Fluviom\u00e9trica<\/a><\/p>\n\n\n\n<p><a rel=\"noreferrer noopener\" href=\"https:\/\/cbhbois.meioambiente.go.gov.br\/wp-content\/uploads\/2021\/09\/Deliberacao-009-2019-Escolha-e-indicacao-dos-membros-2019-a-2023.pdf\" data-type=\"URL\" data-id=\"https:\/\/cbhbois.meioambiente.go.gov.br\/wp-content\/uploads\/2021\/09\/Deliberacao-009-2019-Escolha-e-indicacao-dos-membros-2019-a-2023.pdf\" target=\"_blank\">Delibera\u00e7\u00e3o 009 &#8211; 2019 &#8211; Escolha e indica\u00e7\u00e3o dos membros 2019 a 2023<\/a><\/p>\n\n\n\n<p><a href=\"https:\/\/cbhbois.meioambiente.go.gov.br\/wp-content\/uploads\/2022\/08\/Deliberacao-008-Aprova-os-projetos-para-encaminhamento-ao-CBH-do-Rio-Paranaiba.pdf\" data-type=\"attachment\" data-id=\"503\" target=\"_blank\" rel=\"noreferrer noopener\">Delibera\u00e7\u00e3o 008 &#8211; 2019 Aprova os projetos para encaminhamento ao CBH do Rio Paranaiba<\/a><\/p>\n\n\n\n<p><a href=\"https:\/\/cbhbois.meioambiente.go.gov.br\/wp-content\/uploads\/2021\/09\/Deliberacao-007-2019-Solicita-ao-Conselho-Estadual-de-Recursos-alteracao-da-vazao-outorgavel.pdf\" data-type=\"URL\" data-id=\"https:\/\/cbhbois.meioambiente.go.gov.br\/wp-content\/uploads\/2021\/09\/Deliberacao-007-2019-Solicita-ao-Conselho-Estadual-de-Recursos-alteracao-da-vazao-outorgavel.pdf\" target=\"_blank\" rel=\"noreferrer noopener\">Delibera\u00e7\u00e3o 007- 2019 &#8211; Solicita ao Conselho Estadual de Recursos altera\u00e7\u00e3o da vaz\u00e3o outorg\u00e1vel<\/a><\/p>\n\n\n\n<p><a href=\"https:\/\/cbhbois.meioambiente.go.gov.br\/wp-content\/uploads\/2021\/09\/Deliberacao-006-2019-Aprova-a-vazao-especifica.pdf\" data-type=\"URL\" data-id=\"https:\/\/cbhbois.meioambiente.go.gov.br\/wp-content\/uploads\/2021\/09\/Deliberacao-006-2019-Aprova-a-vazao-especifica.pdf\" target=\"_blank\" rel=\"noreferrer noopener\">Delibera\u00e7\u00e3o 006 &#8211; 2019 &#8211; Aprova a vaz\u00e3o especifica<\/a><\/p>\n<\/div><\/details><\/div>\n\n\n\n<div class=\"wp-block-atomic-blocks-ab-accordion ab-block-accordion\"><details><summary class=\"ab-accordion-title\">2017<\/summary><div class=\"ab-accordion-text\">\n<p><a href=\"https:\/\/cbhbois.meioambiente.go.gov.br\/wp-content\/uploads\/2021\/09\/Deliberacao-005-2017-Aprova-alteracoes-do-Regimento-Interno.pdf\" data-type=\"URL\" data-id=\"https:\/\/cbhbois.meioambiente.go.gov.br\/wp-content\/uploads\/2021\/09\/Deliberacao-005-2017-Aprova-alteracoes-do-Regimento-Interno.pdf\" target=\"_blank\" rel=\"noreferrer noopener\">Delibera\u00e7\u00e3o 005 &#8211; 2017 &#8211; Aprova altera\u00e7\u00f5es do Regimento Interno<\/a><\/p>\n<\/div><\/details><\/div>\n\n\n\n<div class=\"wp-block-atomic-blocks-ab-accordion ab-block-accordion\"><details><summary class=\"ab-accordion-title\">2016<\/summary><div class=\"ab-accordion-text\">\n<p><a href=\"https:\/\/cbhbois.meioambiente.go.gov.br\/wp-content\/uploads\/2021\/09\/Deliberacao-004-2016-Adesao-ao-Programa-Nacional-de.pdf\" data-type=\"URL\" data-id=\"https:\/\/cbhbois.meioambiente.go.gov.br\/wp-content\/uploads\/2021\/09\/Deliberacao-004-2016-Adesao-ao-Programa-Nacional-de.pdf\" target=\"_blank\" rel=\"noreferrer noopener\">Delibera\u00e7\u00e3o 004 &#8211; 2016 &#8211; Ades\u00e3o ao Programa Nacional de<\/a><\/p>\n\n\n\n<p><a href=\"https:\/\/cbhbois.meioambiente.go.gov.br\/wp-content\/uploads\/2021\/09\/Deliberacao-003-2016-Escolha-e-indicacao-dos-membros-2014-a-2018.pdf\" data-type=\"URL\" data-id=\"https:\/\/cbhbois.meioambiente.go.gov.br\/wp-content\/uploads\/2021\/09\/Deliberacao-003-2016-Escolha-e-indicacao-dos-membros-2014-a-2018.pdf\" target=\"_blank\" rel=\"noreferrer noopener\">Delibera\u00e7\u00e3o 003 &#8211; 2016 &#8211; Escolha e indica\u00e7\u00e3o dos membros 2014 a 2018<\/a><\/p>\n<\/div><\/details><\/div>\n\n\n\n<div class=\"wp-block-atomic-blocks-ab-accordion ab-block-accordion\"><details><summary class=\"ab-accordion-title\">2013<\/summary><div class=\"ab-accordion-text\">\n<p><a href=\"https:\/\/cbhbois.meioambiente.go.gov.br\/wp-content\/uploads\/2021\/09\/Deliberacao-001-2013-Aprovacao-Regimento-Interno.pdf\" data-type=\"URL\" data-id=\"https:\/\/cbhbois.meioambiente.go.gov.br\/wp-content\/uploads\/2021\/09\/Deliberacao-001-2013-Aprovacao-Regimento-Interno.pdf\" target=\"_blank\" rel=\"noreferrer noopener\">Delibera\u00e7\u00e3o 001 &#8211; 2013 &#8211; Aprova\u00e7\u00e3o Regimento Interno<\/a><\/p>\n<\/div><\/details><\/div>\n\n\n\n<p><\/p>\n","protected":false},"excerpt":{"rendered":"","protected":false},"author":2,"featured_media":0,"parent":0,"menu_order":0,"comment_status":"closed","ping_status":"closed","template":"general-template.php","meta":{"footnotes":""},"class_list":["post-54","page","type-page","status-publish","hentry"],"featured_image_src":null,"featured_image_src_square":null,"jetpack_sharing_enabled":true,"_links":{"self":[{"href":"https:\/\/cbhbois.meioambiente.go.gov.br\/index.php?rest_route=\/wp\/v2\/pages\/54","targetHints":{"allow":["GET"]}}],"collection":[{"href":"https:\/\/cbhbois.meioambiente.go.gov.br\/index.php?rest_route=\/wp\/v2\/pages"}],"about":[{"href":"https:\/\/cbhbois.meioambiente.go.gov.br\/index.php?rest_route=\/wp\/v2\/types\/page"}],"author":[{"embeddable":true,"href":"https:\/\/cbhbois.meioambiente.go.gov.br\/index.php?rest_route=\/wp\/v2\/users\/2"}],"replies":[{"embeddable":true,"href":"https:\/\/cbhbois.meioambiente.go.gov.br\/index.php?rest_route=%2Fwp%2Fv2%2Fcomments&post=54"}],"version-history":[{"count":24,"href":"https:\/\/cbhbois.meioambiente.go.gov.br\/index.php?rest_route=\/wp\/v2\/pages\/54\/revisions"}],"predecessor-version":[{"id":1134,"href":"https:\/\/cbhbois.meioambiente.go.gov.br\/index.php?rest_route=\/wp\/v2\/pages\/54\/revisions\/1134"}],"wp:attachment":[{"href":"https:\/\/cbhbois.meioambiente.go.gov.br\/index.php?rest_route=%2Fwp%2Fv2%2Fmedia&parent=54"}],"curies":[{"name":"wp","href":"https:\/\/api.w.org\/{rel}","templated":true}]}}