{"id":250,"date":"2021-10-01T10:51:30","date_gmt":"2021-10-01T13:51:30","guid":{"rendered":"https:\/\/cbhbois.meioambiente.go.gov.br\/?page_id=250"},"modified":"2025-12-10T17:21:00","modified_gmt":"2025-12-10T20:21:00","slug":"diretoria","status":"publish","type":"page","link":"https:\/\/cbhbois.meioambiente.go.gov.br\/?page_id=250","title":{"rendered":"Diretoria"},"content":{"rendered":"\t\t<div data-elementor-type=\"wp-page\" data-elementor-id=\"250\" class=\"elementor elementor-250\" data-elementor-post-type=\"page\">\n\t\t\t\t<div class=\"elementor-element elementor-element-926fef8 e-flex e-con-boxed e-con e-parent\" data-id=\"926fef8\" data-element_type=\"container\" data-e-type=\"container\">\n\t\t\t\t\t<div class=\"e-con-inner\">\n\t\t<div class=\"elementor-element elementor-element-af243a6 e-con-full e-flex e-con e-child\" data-id=\"af243a6\" data-element_type=\"container\" data-e-type=\"container\">\n\t\t\t\t<div class=\"elementor-element elementor-element-29d13a9 elementor-position-top elementor-widget elementor-widget-image-box\" data-id=\"29d13a9\" data-element_type=\"widget\" data-e-type=\"widget\" data-widget_type=\"image-box.default\">\n\t\t\t\t<div class=\"elementor-widget-container\">\n\t\t\t\t\t<div class=\"elementor-image-box-wrapper\"><figure class=\"elementor-image-box-img\"><img decoding=\"async\" width=\"177\" height=\"177\" src=\"https:\/\/i0.wp.com\/cbhbois.meioambiente.go.gov.br\/wp-content\/uploads\/2024\/05\/Reginaldo-Passos.png?fit=177%2C177&amp;ssl=1\" class=\"attachment-full size-full wp-image-1011\" alt=\"\" srcset=\"https:\/\/i0.wp.com\/cbhbois.meioambiente.go.gov.br\/wp-content\/uploads\/2024\/05\/Reginaldo-Passos.png?w=177&amp;ssl=1 177w, https:\/\/i0.wp.com\/cbhbois.meioambiente.go.gov.br\/wp-content\/uploads\/2024\/05\/Reginaldo-Passos.png?resize=150%2C150&amp;ssl=1 150w\" sizes=\"(max-width: 177px) 100vw, 177px\" \/><\/figure><div class=\"elementor-image-box-content\"><h3 class=\"elementor-image-box-title\">Reginaldo Passos<\/h3><p class=\"elementor-image-box-description\">Cooperativa Agroindustrial dos Produtores Rurais do Sudoeste Goiano - COMIGO<br><strong>Presidente<\/strong><\/p><\/div><\/div>\t\t\t\t<\/div>\n\t\t\t\t<\/div>\n\t\t\t\t<\/div>\n\t\t<div class=\"elementor-element elementor-element-886d696 e-con-full e-flex e-con e-child\" data-id=\"886d696\" data-element_type=\"container\" data-e-type=\"container\">\n\t\t\t\t<div class=\"elementor-element elementor-element-3432469 elementor-position-top elementor-widget elementor-widget-image-box\" data-id=\"3432469\" data-element_type=\"widget\" data-e-type=\"widget\" data-widget_type=\"image-box.default\">\n\t\t\t\t<div class=\"elementor-widget-container\">\n\t\t\t\t\t<div class=\"elementor-image-box-wrapper\"><figure class=\"elementor-image-box-img\"><img decoding=\"async\" width=\"177\" height=\"177\" src=\"https:\/\/i0.wp.com\/cbhbois.meioambiente.go.gov.br\/wp-content\/uploads\/2025\/12\/Marcos-aurelio.png?fit=177%2C177&amp;ssl=1\" class=\"attachment-full size-full wp-image-1112\" alt=\"\" srcset=\"https:\/\/i0.wp.com\/cbhbois.meioambiente.go.gov.br\/wp-content\/uploads\/2025\/12\/Marcos-aurelio.png?w=177&amp;ssl=1 177w, https:\/\/i0.wp.com\/cbhbois.meioambiente.go.gov.br\/wp-content\/uploads\/2025\/12\/Marcos-aurelio.png?resize=150%2C150&amp;ssl=1 150w\" sizes=\"(max-width: 177px) 100vw, 177px\" \/><\/figure><div class=\"elementor-image-box-content\"><h3 class=\"elementor-image-box-title\">Marcos Aur\u00e9lio Gomes Antunes<\/h3><p class=\"elementor-image-box-description\">Secretaria de Estado de Meio Ambiente e Desenvolvimento Sustent\u00e1vel - SEMAD<br><strong>Vice - Presidente<\/strong><\/p><\/div><\/div>\t\t\t\t<\/div>\n\t\t\t\t<\/div>\n\t\t\t\t<\/div>\n\t\t\t\t\t<\/div>\n\t\t\t\t<\/div>\n\t\t<div class=\"elementor-element elementor-element-ee64407 e-flex e-con-boxed e-con e-parent\" data-id=\"ee64407\" data-element_type=\"container\" data-e-type=\"container\">\n\t\t\t\t\t<div class=\"e-con-inner\">\n\t\t<div class=\"elementor-element elementor-element-fbf07e6 e-con-full e-flex e-con e-child\" data-id=\"fbf07e6\" data-element_type=\"container\" data-e-type=\"container\">\n\t\t\t\t<div class=\"elementor-element elementor-element-34f2dde elementor-position-top elementor-widget elementor-widget-image-box\" data-id=\"34f2dde\" data-element_type=\"widget\" data-e-type=\"widget\" data-widget_type=\"image-box.default\">\n\t\t\t\t<div class=\"elementor-widget-container\">\n\t\t\t\t\t<div class=\"elementor-image-box-wrapper\"><figure class=\"elementor-image-box-img\"><img decoding=\"async\" width=\"177\" height=\"177\" src=\"https:\/\/i0.wp.com\/cbhbois.meioambiente.go.gov.br\/wp-content\/uploads\/2024\/05\/Yara.png?fit=177%2C177&amp;ssl=1\" class=\"attachment-full size-full wp-image-1012\" alt=\"\" srcset=\"https:\/\/i0.wp.com\/cbhbois.meioambiente.go.gov.br\/wp-content\/uploads\/2024\/05\/Yara.png?w=177&amp;ssl=1 177w, https:\/\/i0.wp.com\/cbhbois.meioambiente.go.gov.br\/wp-content\/uploads\/2024\/05\/Yara.png?resize=150%2C150&amp;ssl=1 150w\" sizes=\"(max-width: 177px) 100vw, 177px\" \/><\/figure><div class=\"elementor-image-box-content\"><h3 class=\"elementor-image-box-title\">Yara Vanessa Portuguez Fonseca<\/h3><p class=\"elementor-image-box-description\">Saneamento de Goi\u00e1s\u00a0S.A\u00a0\u2013\u00a0SANEAGO<br><strong>1\u00aa Secret\u00e1ria Executiva<\/strong><\/p><\/div><\/div>\t\t\t\t<\/div>\n\t\t\t\t<\/div>\n\t\t\t\t<\/div>\n\t\t<div class=\"elementor-element elementor-element-50dd9be e-con-full e-flex e-con e-child\" data-id=\"50dd9be\" data-element_type=\"container\" data-e-type=\"container\">\n\t\t\t\t<div class=\"elementor-element elementor-element-5479436 elementor-position-top elementor-widget elementor-widget-image-box\" data-id=\"5479436\" data-element_type=\"widget\" data-e-type=\"widget\" data-widget_type=\"image-box.default\">\n\t\t\t\t<div class=\"elementor-widget-container\">\n\t\t\t\t\t<div class=\"elementor-image-box-wrapper\"><figure class=\"elementor-image-box-img\"><img loading=\"lazy\" decoding=\"async\" width=\"177\" height=\"177\" src=\"https:\/\/i0.wp.com\/cbhbois.meioambiente.go.gov.br\/wp-content\/uploads\/2025\/12\/Nelio.png?fit=177%2C177&amp;ssl=1\" class=\"attachment-full size-full wp-image-1114\" alt=\"\" srcset=\"https:\/\/i0.wp.com\/cbhbois.meioambiente.go.gov.br\/wp-content\/uploads\/2025\/12\/Nelio.png?w=177&amp;ssl=1 177w, https:\/\/i0.wp.com\/cbhbois.meioambiente.go.gov.br\/wp-content\/uploads\/2025\/12\/Nelio.png?resize=150%2C150&amp;ssl=1 150w\" sizes=\"(max-width: 177px) 100vw, 177px\" \/><\/figure><div class=\"elementor-image-box-content\"><h3 class=\"elementor-image-box-title\">N\u00e9lio Castro Lima<\/h3><p class=\"elementor-image-box-description\">Servi\u00e7o Nacional de Aprendizagem Rural \u2013 SENAR GOIAS<br><strong>2\u00aa Secret\u00e1ria Executiva<\/strong><\/p><\/div><\/div>\t\t\t\t<\/div>\n\t\t\t\t<\/div>\n\t\t\t\t<\/div>\n\t\t\t\t\t<\/div>\n\t\t\t\t<\/div>\n\t\t\t\t<\/div>\n\t\t","protected":false},"excerpt":{"rendered":"<p>Reginaldo Passos Cooperativa Agroindustrial dos Produtores Rurais do Sudoeste Goiano &#8211; COMIGOPresidente Marcos Aur\u00e9lio Gomes Antunes Secretaria de Estado de Meio Ambiente e Desenvolvimento Sustent\u00e1vel &#8211; SEMADVice &#8211; Presidente Yara Vanessa Portuguez Fonseca Saneamento de Goi\u00e1s\u00a0S.A\u00a0\u2013\u00a0SANEAGO1\u00aa Secret\u00e1ria Executiva N\u00e9lio Castro Lima Servi\u00e7o Nacional de Aprendizagem Rural \u2013 SENAR GOIAS2\u00aa Secret\u00e1ria Executiva<\/p>\n","protected":false},"author":2,"featured_media":0,"parent":0,"menu_order":0,"comment_status":"closed","ping_status":"closed","template":"general-template.php","meta":{"footnotes":""},"class_list":["post-250","page","type-page","status-publish","hentry"],"featured_image_src":null,"featured_image_src_square":null,"jetpack_sharing_enabled":true,"_links":{"self":[{"href":"https:\/\/cbhbois.meioambiente.go.gov.br\/index.php?rest_route=\/wp\/v2\/pages\/250","targetHints":{"allow":["GET"]}}],"collection":[{"href":"https:\/\/cbhbois.meioambiente.go.gov.br\/index.php?rest_route=\/wp\/v2\/pages"}],"about":[{"href":"https:\/\/cbhbois.meioambiente.go.gov.br\/index.php?rest_route=\/wp\/v2\/types\/page"}],"author":[{"embeddable":true,"href":"https:\/\/cbhbois.meioambiente.go.gov.br\/index.php?rest_route=\/wp\/v2\/users\/2"}],"replies":[{"embeddable":true,"href":"https:\/\/cbhbois.meioambiente.go.gov.br\/index.php?rest_route=%2Fwp%2Fv2%2Fcomments&post=250"}],"version-history":[{"count":19,"href":"https:\/\/cbhbois.meioambiente.go.gov.br\/index.php?rest_route=\/wp\/v2\/pages\/250\/revisions"}],"predecessor-version":[{"id":1117,"href":"https:\/\/cbhbois.meioambiente.go.gov.br\/index.php?rest_route=\/wp\/v2\/pages\/250\/revisions\/1117"}],"wp:attachment":[{"href":"https:\/\/cbhbois.meioambiente.go.gov.br\/index.php?rest_route=%2Fwp%2Fv2%2Fmedia&parent=250"}],"curies":[{"name":"wp","href":"https:\/\/api.w.org\/{rel}","templated":true}]}}